{"id":118,"date":"2019-07-11T17:58:26","date_gmt":"2019-07-11T17:58:26","guid":{"rendered":"http:\/\/nobiwerk.com\/?page_id=118"},"modified":"2025-09-05T12:16:13","modified_gmt":"2025-09-05T12:16:13","slug":"kita-kindergarten","status":"publish","type":"page","link":"https:\/\/nobiwerk.com\/de\/kita-kindergarten","title":{"rendered":"KITA"},"content":{"rendered":"<div class=\"vc_row wpb_row vc_row-fluid vc_custom_1572000074325 vc_column-gap-20 vc_row-o-equal-height vc_row-o-content-top vc_row-flex\"><div class=\"wpb_column vc_column_container vc_col-sm-6\"><div class=\"vc_column-inner\"><div class=\"wpb_wrapper\"><\/div><\/div><\/div><div class=\"wpb_column vc_column_container vc_col-sm-6\"><div class=\"vc_column-inner\"><div class=\"wpb_wrapper\"><h2 style=\"color: #97c9c9;text-align: right\" class=\"vc_custom_heading kitaslogan vc_custom_1571948335485\" >Vertrauen, Zutrauen, sich selbst trauen<\/h2><\/div><\/div><\/div><\/div><div class=\"vc_row wpb_row vc_row-fluid vc_custom_1572000069185 vc_column-gap-20 vc_row-o-equal-height vc_row-o-content-top vc_row-flex\"><div class=\"wpb_column vc_column_container vc_col-sm-8\"><div class=\"vc_column-inner\"><div class=\"wpb_wrapper\">\n\t<div class=\"wpb_text_column wpb_content_element  vc_custom_1571948092068 kita\" >\n\t\t<div class=\"wpb_wrapper\">\n\t\t\t<h1>Kinder begleiten<\/h1>\n<p>Jeder Mensch hat das Recht auf Anerkennung und Wertsch\u00e4tzung an sich. Wo sonst, als im Kindergarten, lassen sich die optimalen Grundlagen f\u00fcr eine demokratisch orientierte und auf Selbstbestimmung und pers\u00f6nlicher Autonomie ausgerichtete Bildung unserer Kinder am besten legen? Unsere Kitas, in denen wir unsere Haltung umsetzen, liegen alle in Berlin. Die in Deutschland einzigartige Kombination aus einer globalen Metropole und sie umgebender und durchdringender Natur bietet f\u00fcr uns die ideale Grundlage, unsere Vision einer modernen, skandinavisch beeinflussten P\u00e4dagogik miteinander zu leben.<\/p>\n\n\t\t<\/div>\n\t<\/div>\n<\/div><\/div><\/div><div class=\"wpb_column vc_column_container vc_col-sm-4\"><div class=\"vc_column-inner\"><div class=\"wpb_wrapper\"><\/div><\/div><\/div><\/div><div class=\"vc_row wpb_row vc_row-fluid vc_custom_1572000023680 vc_column-gap-20 vc_row-o-equal-height vc_row-o-content-top vc_row-flex\"><div class=\"wpb_column vc_column_container vc_col-sm-4\"><div class=\"vc_column-inner vc_custom_1571999960443\"><div class=\"wpb_wrapper\">\n\t<div  class=\"wpb_single_image wpb_content_element vc_align_left  vc_custom_1571936455990\">\n\t\t\n\t\t<figure class=\"wpb_wrapper vc_figure\">\n\t\t\t<div class=\"vc_single_image-wrapper   vc_box_border_grey\"><img width=\"800\" height=\"1067\" src=\"https:\/\/nobiwerk.com\/wp-content\/uploads\/2019\/10\/nobiwerk-bild-kita-lillebror-07.jpg\" class=\"vc_single_image-img attachment-full\" alt=\"\" decoding=\"async\" title=\"nobiwerk-bild-kita-lillebror-07\" loading=\"lazy\" srcset=\"https:\/\/nobiwerk.com\/wp-content\/uploads\/2019\/10\/nobiwerk-bild-kita-lillebror-07.jpg 800w, https:\/\/nobiwerk.com\/wp-content\/uploads\/2019\/10\/nobiwerk-bild-kita-lillebror-07-225x300.jpg 225w, https:\/\/nobiwerk.com\/wp-content\/uploads\/2019\/10\/nobiwerk-bild-kita-lillebror-07-768x1024.jpg 768w, https:\/\/nobiwerk.com\/wp-content\/uploads\/2019\/10\/nobiwerk-bild-kita-lillebror-07-109x146.jpg 109w, https:\/\/nobiwerk.com\/wp-content\/uploads\/2019\/10\/nobiwerk-bild-kita-lillebror-07-37x50.jpg 37w, https:\/\/nobiwerk.com\/wp-content\/uploads\/2019\/10\/nobiwerk-bild-kita-lillebror-07-56x75.jpg 56w\" sizes=\"(max-width: 800px) 100vw, 800px\" \/><\/div>\n\t\t<\/figure>\n\t<\/div>\n<\/div><\/div><\/div><div class=\"wpb_column vc_column_container vc_col-sm-4\"><div class=\"vc_column-inner vc_custom_1571999839971\"><div class=\"wpb_wrapper\">\n\t<div  class=\"wpb_single_image wpb_content_element vc_align_left  vc_custom_1571999934446\">\n\t\t\n\t\t<figure class=\"wpb_wrapper vc_figure\">\n\t\t\t<div class=\"vc_single_image-wrapper   vc_box_border_grey\"><img width=\"800\" height=\"1067\" src=\"https:\/\/nobiwerk.com\/wp-content\/uploads\/2019\/10\/nobiwerk-kita-lillebror-garten-01.jpg\" class=\"vc_single_image-img attachment-full\" alt=\"\" decoding=\"async\" title=\"nobiwerk-kita-lillebror-garten-01\" loading=\"lazy\" srcset=\"https:\/\/nobiwerk.com\/wp-content\/uploads\/2019\/10\/nobiwerk-kita-lillebror-garten-01.jpg 800w, https:\/\/nobiwerk.com\/wp-content\/uploads\/2019\/10\/nobiwerk-kita-lillebror-garten-01-225x300.jpg 225w, https:\/\/nobiwerk.com\/wp-content\/uploads\/2019\/10\/nobiwerk-kita-lillebror-garten-01-768x1024.jpg 768w, https:\/\/nobiwerk.com\/wp-content\/uploads\/2019\/10\/nobiwerk-kita-lillebror-garten-01-109x146.jpg 109w, https:\/\/nobiwerk.com\/wp-content\/uploads\/2019\/10\/nobiwerk-kita-lillebror-garten-01-37x50.jpg 37w, https:\/\/nobiwerk.com\/wp-content\/uploads\/2019\/10\/nobiwerk-kita-lillebror-garten-01-56x75.jpg 56w\" sizes=\"(max-width: 800px) 100vw, 800px\" \/><\/div>\n\t\t<\/figure>\n\t<\/div>\n<\/div><\/div><\/div><div class=\"wpb_column vc_column_container vc_col-sm-4\"><div class=\"vc_column-inner vc_custom_1571936434037\"><div class=\"wpb_wrapper\">\n\t<div  class=\"wpb_single_image wpb_content_element vc_align_left\">\n\t\t\n\t\t<figure class=\"wpb_wrapper vc_figure\">\n\t\t\t<div class=\"vc_single_image-wrapper   vc_box_border_grey\"><img width=\"800\" height=\"1067\" src=\"https:\/\/nobiwerk.com\/wp-content\/uploads\/2019\/10\/nobiwerk-bild-kita-lillebror-01.jpg\" class=\"vc_single_image-img attachment-full\" alt=\"nobiwerk Kita Lillebror\" decoding=\"async\" title=\"nobiwerk-bild-kita-lillebror-01\" loading=\"lazy\" srcset=\"https:\/\/nobiwerk.com\/wp-content\/uploads\/2019\/10\/nobiwerk-bild-kita-lillebror-01.jpg 800w, https:\/\/nobiwerk.com\/wp-content\/uploads\/2019\/10\/nobiwerk-bild-kita-lillebror-01-225x300.jpg 225w, https:\/\/nobiwerk.com\/wp-content\/uploads\/2019\/10\/nobiwerk-bild-kita-lillebror-01-768x1024.jpg 768w, https:\/\/nobiwerk.com\/wp-content\/uploads\/2019\/10\/nobiwerk-bild-kita-lillebror-01-109x146.jpg 109w, https:\/\/nobiwerk.com\/wp-content\/uploads\/2019\/10\/nobiwerk-bild-kita-lillebror-01-37x50.jpg 37w, https:\/\/nobiwerk.com\/wp-content\/uploads\/2019\/10\/nobiwerk-bild-kita-lillebror-01-56x75.jpg 56w\" sizes=\"(max-width: 800px) 100vw, 800px\" \/><\/div>\n\t\t<\/figure>\n\t<\/div>\n<\/div><\/div><\/div><\/div><div class=\"vc_row wpb_row vc_row-fluid vc_custom_1728910742346 vc_column-gap-20 vc_row-o-equal-height vc_row-o-content-top vc_row-flex\"><div class=\"wpb_column vc_column_container vc_col-sm-4 vc_col-has-fill\"><div class=\"vc_column-inner vc_custom_1571999827316\"><div class=\"wpb_wrapper\">\n\t<div class=\"wpb_text_column wpb_content_element  boxtitle\" >\n\t\t<div class=\"wpb_wrapper\">\n\t\t\t<h3>Kita Lillebror<\/h3>\n<p data-start=\"108\" data-end=\"128\">Die Kita Lillebror (schwedisch: \u201ekleiner Bruder\u201c) bietet nun sowohl der norwegischen als auch der d\u00e4nischen Gruppe eine wundersch\u00f6ne neue Heimat im Marienpark. Beide Gruppen zusammen betreuen insgesamt 30 Kinder.<\/p>\n\n\t\t<\/div>\n\t<\/div>\n<div class=\"vc_btn3-container vc_btn3-inline\" ><a class=\"vc_general vc_btn3 vc_btn3-size-md vc_btn3-shape-square vc_btn3-style-3d vc_btn3-color-sandy-brown\" href=\"https:\/\/nobiwerk.com\/de\/kita-kindergarten\/kita-lillebror\/\" title=\"\">mehr lesen<\/a><\/div><\/div><\/div><\/div><div class=\"wpb_column vc_column_container vc_col-sm-4 vc_col-has-fill\"><div class=\"vc_column-inner vc_custom_1571999804086\"><div class=\"wpb_wrapper\">\n\t<div class=\"wpb_text_column wpb_content_element  boxtitle\" >\n\t\t<div class=\"wpb_wrapper\">\n\t\t\t<h3>Kita Hucky Bucky<\/h3>\n<p>Die Kita Hucky Bucky (M\u00e4rchen aus Norwegen, \u201eHakke Bakke Skogen\u201c) in Lichtenberg ist eine bilinguale Kita f\u00fcr 25 Kinder mit den Sprachen Deutsch und Englisch.<\/p>\n\n\t\t<\/div>\n\t<\/div>\n<div class=\"vc_btn3-container vc_btn3-inline\" ><a class=\"vc_general vc_btn3 vc_btn3-size-md vc_btn3-shape-square vc_btn3-style-3d vc_btn3-color-sandy-brown\" href=\"https:\/\/nobiwerk.com\/de\/kita-kindergarten\/kita-hucky-bucky\/\" title=\"\">mehr lesen<\/a><\/div><\/div><\/div><\/div><div class=\"wpb_column vc_column_container vc_col-sm-4 vc_col-has-fill\"><div class=\"vc_column-inner vc_custom_1571999784299\"><div class=\"wpb_wrapper\">\n\t<div class=\"wpb_text_column wpb_content_element  boxtitle\" >\n\t\t<div class=\"wpb_wrapper\">\n\t\t\t<h3>Kita Tommelise<\/h3>\n<p>Die trilinguale (Deutsch, Englisch, D\u00e4nisch) Kita Tommlise (D\u00e4umelinchen) nimmt 70 Kinder auf und befindet sich im Neubaugebiet \u201eNeumarien\u201c in Neuk\u00f6lln.<\/p>\n\n\t\t<\/div>\n\t<\/div>\n<div class=\"vc_btn3-container vc_btn3-inline\" ><a class=\"vc_general vc_btn3 vc_btn3-size-md vc_btn3-shape-square vc_btn3-style-3d vc_btn3-color-sandy-brown\" href=\"https:\/\/nobiwerk.com\/de\/kita-kindergarten\/kita-tommelise\/\" title=\"\">mehr lesen<\/a><\/div><\/div><\/div><\/div><\/div><div class=\"vc_row wpb_row vc_row-fluid vc_custom_1728910857252 vc_column-gap-20 vc_row-o-equal-height vc_row-o-content-top vc_row-flex\"><div class=\"wpb_column vc_column_container vc_col-sm-4 vc_col-has-fill\"><div class=\"vc_column-inner vc_custom_1571999827316\"><div class=\"wpb_wrapper\">\n\t<div class=\"wpb_text_column wpb_content_element  boxtitle\" >\n\t\t<div class=\"wpb_wrapper\">\n\t\t\t<h3>Kita Mucklabo<\/h3>\n<p><span class=\"ui-provider ed ahd me ahe ahf ahg ahh ahi ahj ahk ahl ahm ahn aho ahp ahq ahr ahs aht ahu ahv ahw ahx ahy ahz aia aib aic aid aie aif aig aih aii aij\" dir=\"ltr\">Kita Mucklabo, ist die Schwester-Kita von Kita Lillebror. Die R\u00e4ume liegen im Herzen von Neuk\u00f6lln und es ist ein Ort f\u00fcr 25 skandinavisch-sprachige Familien in Berlin. Ihr findet uns Mucklas in der Wederstr. 87-89, 12347<\/span><\/p>\n\n\t\t<\/div>\n\t<\/div>\n<div class=\"vc_btn3-container vc_btn3-inline\" ><a class=\"vc_general vc_btn3 vc_btn3-size-md vc_btn3-shape-square vc_btn3-style-3d vc_btn3-color-sandy-brown\" href=\"https:\/\/nobiwerk.com\/de\/kita-kindergarten\/kita-mucklabo\/\" title=\"\">mehr lesen<\/a><\/div><\/div><\/div><\/div><div class=\"wpb_column vc_column_container vc_col-sm-4\"><div class=\"vc_column-inner\"><div class=\"wpb_wrapper\"><\/div><\/div><\/div><div class=\"wpb_column vc_column_container vc_col-sm-4\"><div class=\"vc_column-inner\"><div class=\"wpb_wrapper\"><\/div><\/div><\/div><\/div><div class=\"vc_row wpb_row vc_row-fluid\"><div class=\"wpb_column vc_column_container vc_col-sm-12\"><div class=\"vc_column-inner\"><div class=\"wpb_wrapper\">\n\t<div class=\"wpb_text_column wpb_content_element\" >\n\t\t<div class=\"wpb_wrapper\">\n\t\t\t<p><img decoding=\"async\" loading=\"lazy\" class=\"wp-image-1442 alignleft\" src=\"https:\/\/nobiwerk.com\/wp-content\/uploads\/2021\/09\/BMFSFJ_2017_DTP_CMYK_de_gefo\u2560erdert-300x178.jpg\" alt=\"\" width=\"352\" height=\"209\" srcset=\"https:\/\/nobiwerk.com\/wp-content\/uploads\/2021\/09\/BMFSFJ_2017_DTP_CMYK_de_gefo\u2560erdert-300x178.jpg 300w, https:\/\/nobiwerk.com\/wp-content\/uploads\/2021\/09\/BMFSFJ_2017_DTP_CMYK_de_gefo\u2560erdert-768x455.jpg 768w, https:\/\/nobiwerk.com\/wp-content\/uploads\/2021\/09\/BMFSFJ_2017_DTP_CMYK_de_gefo\u2560erdert-246x146.jpg 246w, https:\/\/nobiwerk.com\/wp-content\/uploads\/2021\/09\/BMFSFJ_2017_DTP_CMYK_de_gefo\u2560erdert-50x30.jpg 50w, https:\/\/nobiwerk.com\/wp-content\/uploads\/2021\/09\/BMFSFJ_2017_DTP_CMYK_de_gefo\u2560erdert-126x75.jpg 126w, https:\/\/nobiwerk.com\/wp-content\/uploads\/2021\/09\/BMFSFJ_2017_DTP_CMYK_de_gefo\u2560erdert.jpg 936w\" sizes=\"(max-width: 352px) 100vw, 352px\" \/><img decoding=\"async\" loading=\"lazy\" class=\"alignnone size-medium wp-image-1439\" src=\"https:\/\/nobiwerk.com\/wp-content\/uploads\/2021\/09\/logo-MsM-Chancenpatenschaften-2mittel-300x300.jpg\" alt=\"\" width=\"300\" height=\"300\" srcset=\"https:\/\/nobiwerk.com\/wp-content\/uploads\/2021\/09\/logo-MsM-Chancenpatenschaften-2mittel-300x300.jpg 300w, https:\/\/nobiwerk.com\/wp-content\/uploads\/2021\/09\/logo-MsM-Chancenpatenschaften-2mittel-1024x1024.jpg 1024w, https:\/\/nobiwerk.com\/wp-content\/uploads\/2021\/09\/logo-MsM-Chancenpatenschaften-2mittel-150x150.jpg 150w, https:\/\/nobiwerk.com\/wp-content\/uploads\/2021\/09\/logo-MsM-Chancenpatenschaften-2mittel-768x768.jpg 768w, https:\/\/nobiwerk.com\/wp-content\/uploads\/2021\/09\/logo-MsM-Chancenpatenschaften-2mittel-146x146.jpg 146w, https:\/\/nobiwerk.com\/wp-content\/uploads\/2021\/09\/logo-MsM-Chancenpatenschaften-2mittel-50x50.jpg 50w, https:\/\/nobiwerk.com\/wp-content\/uploads\/2021\/09\/logo-MsM-Chancenpatenschaften-2mittel-75x75.jpg 75w, https:\/\/nobiwerk.com\/wp-content\/uploads\/2021\/09\/logo-MsM-Chancenpatenschaften-2mittel-85x85.jpg 85w, https:\/\/nobiwerk.com\/wp-content\/uploads\/2021\/09\/logo-MsM-Chancenpatenschaften-2mittel-80x80.jpg 80w, https:\/\/nobiwerk.com\/wp-content\/uploads\/2021\/09\/logo-MsM-Chancenpatenschaften-2mittel.jpg 1080w\" sizes=\"(max-width: 300px) 100vw, 300px\" \/><img decoding=\"async\" loading=\"lazy\" class=\"alignnone size-medium wp-image-1441\" src=\"https:\/\/nobiwerk.com\/wp-content\/uploads\/2021\/09\/Siegel-Chancenpatenschaften_Wir-sind-dabei_lsfb_SB-2mittel-300x300.jpg\" alt=\"\" width=\"300\" height=\"300\" srcset=\"https:\/\/nobiwerk.com\/wp-content\/uploads\/2021\/09\/Siegel-Chancenpatenschaften_Wir-sind-dabei_lsfb_SB-2mittel-300x300.jpg 300w, https:\/\/nobiwerk.com\/wp-content\/uploads\/2021\/09\/Siegel-Chancenpatenschaften_Wir-sind-dabei_lsfb_SB-2mittel-1024x1024.jpg 1024w, https:\/\/nobiwerk.com\/wp-content\/uploads\/2021\/09\/Siegel-Chancenpatenschaften_Wir-sind-dabei_lsfb_SB-2mittel-150x150.jpg 150w, https:\/\/nobiwerk.com\/wp-content\/uploads\/2021\/09\/Siegel-Chancenpatenschaften_Wir-sind-dabei_lsfb_SB-2mittel-768x768.jpg 768w, https:\/\/nobiwerk.com\/wp-content\/uploads\/2021\/09\/Siegel-Chancenpatenschaften_Wir-sind-dabei_lsfb_SB-2mittel-146x146.jpg 146w, https:\/\/nobiwerk.com\/wp-content\/uploads\/2021\/09\/Siegel-Chancenpatenschaften_Wir-sind-dabei_lsfb_SB-2mittel-50x50.jpg 50w, https:\/\/nobiwerk.com\/wp-content\/uploads\/2021\/09\/Siegel-Chancenpatenschaften_Wir-sind-dabei_lsfb_SB-2mittel-75x75.jpg 75w, https:\/\/nobiwerk.com\/wp-content\/uploads\/2021\/09\/Siegel-Chancenpatenschaften_Wir-sind-dabei_lsfb_SB-2mittel-85x85.jpg 85w, https:\/\/nobiwerk.com\/wp-content\/uploads\/2021\/09\/Siegel-Chancenpatenschaften_Wir-sind-dabei_lsfb_SB-2mittel-80x80.jpg 80w, https:\/\/nobiwerk.com\/wp-content\/uploads\/2021\/09\/Siegel-Chancenpatenschaften_Wir-sind-dabei_lsfb_SB-2mittel.jpg 1080w\" sizes=\"(max-width: 300px) 100vw, 300px\" \/><\/p>\n<p>Unser Engagement wurde unterst\u00fctzt von der Stiftung Bildung und dem Landesverband der Kita- und Schulf\u00f6rdervereine Berlin-Brandenburg e.V.<\/p>\n<p class=\"paragraph\" style=\"margin: 0cm; vertical-align: baseline;\">Die Stiftung Bildung wirkt als gemeinn\u00fctzige Spendenorganisation direkt an der Basis \u00fcber das bundesweite Netzwerk der Kita- und Schulf\u00f6rdervereine, st\u00e4rkt die Handelnden in den Landesverb\u00e4nden, f\u00f6rdert Vielfalt und l\u00e4sst Ideen vor Ort Wirklichkeit werden.<\/p>\n\n\t\t<\/div>\n\t<\/div>\n<\/div><\/div><\/div><\/div>","protected":false},"excerpt":{"rendered":"Vertrauen, Zutrauen, sich selbst trauen Kinder begleiten Jeder Mensch hat das Recht auf Anerkennung und Wertsch\u00e4tzung an sich. Wo sonst, als im Kindergarten, lassen sich die<span class=\"excerpt-hellip\"> [\u2026]<\/span>","protected":false},"author":1,"featured_media":0,"parent":0,"menu_order":0,"comment_status":"closed","ping_status":"closed","template":"","meta":{"footnotes":""},"yoast_head":"<!-- This site is optimized with the Yoast SEO plugin v22.0 - https:\/\/yoast.com\/wordpress\/plugins\/seo\/ -->\n<title>KITA - Svenske, Danske og Norske barnehager i Berlin<\/title>\n<meta name=\"robots\" content=\"index, follow, max-snippet:-1, max-image-preview:large, max-video-preview:-1\" \/>\n<link rel=\"canonical\" href=\"https:\/\/nobiwerk.com\/de\/kita-kindergarten\/\" \/>\n<meta property=\"og:locale\" content=\"de_DE\" \/>\n<meta property=\"og:type\" content=\"article\" \/>\n<meta property=\"og:title\" content=\"KITA - Svenske, Danske og Norske barnehager i Berlin\" \/>\n<meta property=\"og:url\" content=\"https:\/\/nobiwerk.com\/de\/kita-kindergarten\/\" \/>\n<meta property=\"og:site_name\" content=\"nobiwerk\" \/>\n<meta property=\"article:publisher\" content=\"https:\/\/www.facebook.com\/nobiwerk\" \/>\n<meta property=\"article:modified_time\" content=\"2025-09-05T12:16:13+00:00\" \/>\n<meta property=\"og:image\" content=\"https:\/\/nobiwerk.com\/wp-content\/uploads\/2021\/09\/logo-MsM-Chancenpatenschaften-2mittel-300x300.jpg\" \/>\n<meta name=\"twitter:card\" content=\"summary_large_image\" \/>\n<meta name=\"twitter:label1\" content=\"Gesch\u00e4tzte Lesezeit\" \/>\n\t<meta name=\"twitter:data1\" content=\"3\u00a0Minuten\" \/>\n<script type=\"application\/ld+json\" class=\"yoast-schema-graph\">{\"@context\":\"https:\/\/schema.org\",\"@graph\":[{\"@type\":\"WebPage\",\"@id\":\"https:\/\/nobiwerk.com\/kita-kindergarten\",\"url\":\"https:\/\/nobiwerk.com\/kita-kindergarten\",\"name\":\"KITA - Svenske, Danske og Norske barnehager i Berlin\",\"isPartOf\":{\"@id\":\"https:\/\/nobiwerk.com\/#website\"},\"datePublished\":\"2019-07-11T17:58:26+00:00\",\"dateModified\":\"2025-09-05T12:16:13+00:00\",\"breadcrumb\":{\"@id\":\"https:\/\/nobiwerk.com\/kita-kindergarten#breadcrumb\"},\"inLanguage\":\"de\",\"potentialAction\":[{\"@type\":\"ReadAction\",\"target\":[\"https:\/\/nobiwerk.com\/kita-kindergarten\"]}]},{\"@type\":\"BreadcrumbList\",\"@id\":\"https:\/\/nobiwerk.com\/kita-kindergarten#breadcrumb\",\"itemListElement\":[{\"@type\":\"ListItem\",\"position\":1,\"name\":\"Startseite\",\"item\":\"https:\/\/nobiwerk.com\/\"},{\"@type\":\"ListItem\",\"position\":2,\"name\":\"KITA\"}]},{\"@type\":\"WebSite\",\"@id\":\"https:\/\/nobiwerk.com\/#website\",\"url\":\"https:\/\/nobiwerk.com\/\",\"name\":\"nobiwerk\",\"description\":\"Svenske, Danske og Norske barnehager i Berlin\",\"publisher\":{\"@id\":\"https:\/\/nobiwerk.com\/#organization\"},\"potentialAction\":[{\"@type\":\"SearchAction\",\"target\":{\"@type\":\"EntryPoint\",\"urlTemplate\":\"https:\/\/nobiwerk.com\/?s={search_term_string}\"},\"query-input\":\"required name=search_term_string\"}],\"inLanguage\":\"de\"},{\"@type\":\"Organization\",\"@id\":\"https:\/\/nobiwerk.com\/#organization\",\"name\":\"nobiwerk\",\"url\":\"https:\/\/nobiwerk.com\/\",\"logo\":{\"@type\":\"ImageObject\",\"inLanguage\":\"de\",\"@id\":\"https:\/\/nobiwerk.com\/#\/schema\/logo\/image\/\",\"url\":\"https:\/\/nobiwerk.com\/wp-content\/uploads\/2019\/11\/nobiwerk-windows-touch-icon-310.png\",\"contentUrl\":\"https:\/\/nobiwerk.com\/wp-content\/uploads\/2019\/11\/nobiwerk-windows-touch-icon-310.png\",\"width\":310,\"height\":310,\"caption\":\"nobiwerk\"},\"image\":{\"@id\":\"https:\/\/nobiwerk.com\/#\/schema\/logo\/image\/\"},\"sameAs\":[\"https:\/\/www.facebook.com\/nobiwerk\"]}]}<\/script>\n<!-- \/ Yoast SEO plugin. -->","yoast_head_json":{"title":"KITA - Svenske, Danske og Norske barnehager i Berlin","robots":{"index":"index","follow":"follow","max-snippet":"max-snippet:-1","max-image-preview":"max-image-preview:large","max-video-preview":"max-video-preview:-1"},"canonical":"https:\/\/nobiwerk.com\/de\/kita-kindergarten\/","og_locale":"de_DE","og_type":"article","og_title":"KITA - Svenske, Danske og Norske barnehager i Berlin","og_url":"https:\/\/nobiwerk.com\/de\/kita-kindergarten\/","og_site_name":"nobiwerk","article_publisher":"https:\/\/www.facebook.com\/nobiwerk","article_modified_time":"2025-09-05T12:16:13+00:00","og_image":[{"url":"https:\/\/nobiwerk.com\/wp-content\/uploads\/2021\/09\/logo-MsM-Chancenpatenschaften-2mittel-300x300.jpg"}],"twitter_card":"summary_large_image","twitter_misc":{"Gesch\u00e4tzte Lesezeit":"3\u00a0Minuten"},"schema":{"@context":"https:\/\/schema.org","@graph":[{"@type":"WebPage","@id":"https:\/\/nobiwerk.com\/kita-kindergarten","url":"https:\/\/nobiwerk.com\/kita-kindergarten","name":"KITA - Svenske, Danske og Norske barnehager i Berlin","isPartOf":{"@id":"https:\/\/nobiwerk.com\/#website"},"datePublished":"2019-07-11T17:58:26+00:00","dateModified":"2025-09-05T12:16:13+00:00","breadcrumb":{"@id":"https:\/\/nobiwerk.com\/kita-kindergarten#breadcrumb"},"inLanguage":"de","potentialAction":[{"@type":"ReadAction","target":["https:\/\/nobiwerk.com\/kita-kindergarten"]}]},{"@type":"BreadcrumbList","@id":"https:\/\/nobiwerk.com\/kita-kindergarten#breadcrumb","itemListElement":[{"@type":"ListItem","position":1,"name":"Startseite","item":"https:\/\/nobiwerk.com\/"},{"@type":"ListItem","position":2,"name":"KITA"}]},{"@type":"WebSite","@id":"https:\/\/nobiwerk.com\/#website","url":"https:\/\/nobiwerk.com\/","name":"nobiwerk","description":"Svenske, Danske og Norske barnehager i Berlin","publisher":{"@id":"https:\/\/nobiwerk.com\/#organization"},"potentialAction":[{"@type":"SearchAction","target":{"@type":"EntryPoint","urlTemplate":"https:\/\/nobiwerk.com\/?s={search_term_string}"},"query-input":"required name=search_term_string"}],"inLanguage":"de"},{"@type":"Organization","@id":"https:\/\/nobiwerk.com\/#organization","name":"nobiwerk","url":"https:\/\/nobiwerk.com\/","logo":{"@type":"ImageObject","inLanguage":"de","@id":"https:\/\/nobiwerk.com\/#\/schema\/logo\/image\/","url":"https:\/\/nobiwerk.com\/wp-content\/uploads\/2019\/11\/nobiwerk-windows-touch-icon-310.png","contentUrl":"https:\/\/nobiwerk.com\/wp-content\/uploads\/2019\/11\/nobiwerk-windows-touch-icon-310.png","width":310,"height":310,"caption":"nobiwerk"},"image":{"@id":"https:\/\/nobiwerk.com\/#\/schema\/logo\/image\/"},"sameAs":["https:\/\/www.facebook.com\/nobiwerk"]}]}},"_links":{"self":[{"href":"https:\/\/nobiwerk.com\/de\/wp-json\/wp\/v2\/pages\/118"}],"collection":[{"href":"https:\/\/nobiwerk.com\/de\/wp-json\/wp\/v2\/pages"}],"about":[{"href":"https:\/\/nobiwerk.com\/de\/wp-json\/wp\/v2\/types\/page"}],"author":[{"embeddable":true,"href":"https:\/\/nobiwerk.com\/de\/wp-json\/wp\/v2\/users\/1"}],"replies":[{"embeddable":true,"href":"https:\/\/nobiwerk.com\/de\/wp-json\/wp\/v2\/comments?post=118"}],"version-history":[{"count":116,"href":"https:\/\/nobiwerk.com\/de\/wp-json\/wp\/v2\/pages\/118\/revisions"}],"predecessor-version":[{"id":2097,"href":"https:\/\/nobiwerk.com\/de\/wp-json\/wp\/v2\/pages\/118\/revisions\/2097"}],"wp:attachment":[{"href":"https:\/\/nobiwerk.com\/de\/wp-json\/wp\/v2\/media?parent=118"}],"curies":[{"name":"wp","href":"https:\/\/api.w.org\/{rel}","templated":true}]}}