{"id":1562,"date":"2022-04-22T08:39:30","date_gmt":"2022-04-22T08:39:30","guid":{"rendered":"https:\/\/nobiwerk.com\/?page_id=1562"},"modified":"2025-10-15T13:00:01","modified_gmt":"2025-10-15T13:00:01","slug":"jobs","status":"publish","type":"page","link":"https:\/\/nobiwerk.com\/de\/jobs","title":{"rendered":"JOBS"},"content":{"rendered":"<section class=\"vc_section\"><\/section><div class=\"vc_row wpb_row vc_row-fluid vc_custom_1571948470746 vc_column-gap-20 vc_row-o-content-top vc_row-flex\"><div class=\"wpb_animate_when_almost_visible wpb_flipInX flipInX wpb_column vc_column_container vc_col-sm-8\"><div class=\"vc_column-inner vc_custom_1650615127440\"><div class=\"wpb_wrapper\">\n\t<div class=\"wpb_text_column wpb_content_element  kita\" >\n\t\t<div class=\"wpb_wrapper\">\n\t\t\t<h1 style=\"text-align: left;\">\u00d8nsker du et job hos?<\/h1>\n\n\t\t<\/div>\n\t<\/div>\n\n\t<div class=\"wpb_text_column wpb_content_element\" >\n\t\t<div class=\"wpb_wrapper\">\n\t\t\t<h1 style=\"text-align: right;\">Vill du jobba med oss?<\/h1>\n\n\t\t<\/div>\n\t<\/div>\n\n\t<div class=\"wpb_text_column wpb_content_element\" >\n\t\t<div class=\"wpb_wrapper\">\n\t\t\t<h1>Would you like to work with us?<\/h1>\n\n\t\t<\/div>\n\t<\/div>\n<\/div><\/div><\/div><div class=\"wpb_column vc_column_container vc_col-sm-4\"><div class=\"vc_column-inner\"><div class=\"wpb_wrapper\"><\/div><\/div><\/div><\/div><div class=\"vc_row wpb_row vc_row-fluid vc_custom_1715093672947 vc_column-gap-35 vc_row-o-full-height vc_row-o-columns-middle vc_row-o-equal-height vc_row-flex\"><div class=\"wpb_column vc_column_container vc_col-sm-6 vc_col-has-fill\"><div class=\"vc_column-inner vc_custom_1715091333196\"><div class=\"wpb_wrapper\">\n\t<div  class=\"wpb_single_image wpb_content_element vc_align_left\">\n\t\t\n\t\t<figure class=\"wpb_wrapper vc_figure\">\n\t\t\t<div class=\"vc_single_image-wrapper   vc_box_border_grey\"><img width=\"732\" height=\"1024\" src=\"https:\/\/nobiwerk.com\/wp-content\/uploads\/2024\/05\/Screenshot-2024-05-07-at-15.51.02-732x1024.png\" class=\"vc_single_image-img attachment-large\" alt=\"\" decoding=\"async\" title=\"Screenshot 2024-05-07 at 15.51.02\" loading=\"lazy\" srcset=\"https:\/\/nobiwerk.com\/wp-content\/uploads\/2024\/05\/Screenshot-2024-05-07-at-15.51.02-732x1024.png 732w, https:\/\/nobiwerk.com\/wp-content\/uploads\/2024\/05\/Screenshot-2024-05-07-at-15.51.02-214x300.png 214w, https:\/\/nobiwerk.com\/wp-content\/uploads\/2024\/05\/Screenshot-2024-05-07-at-15.51.02-768x1074.png 768w, https:\/\/nobiwerk.com\/wp-content\/uploads\/2024\/05\/Screenshot-2024-05-07-at-15.51.02-104x146.png 104w, https:\/\/nobiwerk.com\/wp-content\/uploads\/2024\/05\/Screenshot-2024-05-07-at-15.51.02-36x50.png 36w, https:\/\/nobiwerk.com\/wp-content\/uploads\/2024\/05\/Screenshot-2024-05-07-at-15.51.02-54x75.png 54w, https:\/\/nobiwerk.com\/wp-content\/uploads\/2024\/05\/Screenshot-2024-05-07-at-15.51.02.png 1058w\" sizes=\"(max-width: 732px) 100vw, 732px\" \/><\/div>\n\t\t<\/figure>\n\t<\/div>\n\n\t<div class=\"wpb_text_column wpb_content_element\" >\n\t\t<div class=\"wpb_wrapper\">\n\t\t\t\n\t\t<\/div>\n\t<\/div>\n<\/div><\/div><\/div><div class=\"wpb_column vc_column_container vc_col-sm-6 vc_col-has-fill\"><div class=\"vc_column-inner vc_custom_1760533197811\"><div class=\"wpb_wrapper\">\n\t<div class=\"wpb_text_column wpb_content_element\" >\n\t\t<div class=\"wpb_wrapper\">\n\t\t\t<h3>Nobiwerk sucht Dich! \u00a0Ab 1. Januar 2026<\/h3>\n<p><span data-teams=\"true\"><b>\u2013 Fachkraft f\u00fcr Integration (m\/w\/d) in der Elementargruppe<br \/>\n<\/b>Du bist Erzieher*in mit Zusatzqualifikation f\u00fcr Integration und suchst eine neue Herausforderung in einer kleinen, famili\u00e4ren Einrichtung?<br \/>\nDu arbeitest gern auf Augenh\u00f6he, mit Herz, Humor und einem offenen Ohr f\u00fcr Kinder\u00a0<i>und<\/i>\u00a0Familien? Dann freuen wir uns, von dir zu h\u00f6ren!<\/span><\/p>\n<p><span data-teams=\"true\"><br \/>\n<b>Wer wir sind:<br \/>\n<\/b>Unser Englisch \/ Deutsche Kita Hucky Bucky in Berlin \u2013 Lichtenberg, ist eine kleine, wertsch\u00e4tzende Einrichtung, in der das Miteinander gro\u00dfgeschrieben wird.<br \/>\nWir legen viel Wert auf eine enge und vertrauensvolle Zusammenarbeit mit Familien, ein offenes und unterst\u00fctzendes Team und einen positiven, ressourcenorientierten Blick auf jedes Kind.<\/span><\/p>\n<p><span data-teams=\"true\"><br \/>\n<b>Was dich erwartet:<br \/>\n<\/b><\/span><\/p>\n<ul>\n<li>Arbeit in einer Elementargruppe mit Kindern im Alter von 3 bis 6 Jahren<\/li>\n<li>Integration von Kindern mit besonderem F\u00f6rderbedarf im inklusiven Alltag<\/li>\n<li>Ein engagiertes, flexibles und humorvolles Team<\/li>\n<li>Flache Hierarchien und Augenh\u00f6he auf alle ebenen<\/li>\n<li>Raum f\u00fcr Mitgestaltung, eigene Ideen und p\u00e4dagogische Weiterentwicklung<\/li>\n<\/ul>\n<p><span data-teams=\"true\"><b>Was wir uns w\u00fcnschen:<br \/>\n<\/b><\/span><\/p>\n<ul>\n<li>Abgeschlossene Ausbildung als staatlich anerkannte<i>r Erzieher<\/i>in<\/li>\n<li>Zusatzqualifikation oder Erfahrung im Bereich Integration\/Inklusion<\/li>\n<\/ul>\n<p><span data-teams=\"true\"><b>Das bieten wir:<br \/>\n<\/b><\/span><\/p>\n<ul>\n<li>Eine unbefristete Stelle mit Verg\u00fctung angelehnt an TVL.<\/li>\n<li>Fort- und Weiterbildungsm\u00f6glichkeiten<\/li>\n<li>30 -35 Stunden pro Woche in Kita Hucky Bucky-<\/li>\n<\/ul>\n<p><span data-teams=\"true\"><br \/>\n<b>Neugierig geworden?<\/b><br \/>\nDann freuen wir uns auf deine Bewerbung!<br \/>\nBitte sende deine Unterlagen per E-Mail an: Verwaltung@nobiwerk.com<\/span><\/p>\n<h3><\/h3>\n\n\t\t<\/div>\n\t<\/div>\n<\/div><\/div><\/div><\/div><div class=\"vc_row wpb_row vc_row-fluid vc_column-gap-35 vc_row-o-equal-height vc_row-flex\"><div class=\"wpb_column vc_column_container vc_col-sm-6 vc_col-has-fill\"><div class=\"vc_column-inner vc_custom_1571918783365\"><div class=\"wpb_wrapper\">\n\t<div class=\"wpb_text_column wpb_content_element  boxtitle\" >\n\t\t<div class=\"wpb_wrapper\">\n\t\t\t<h3>DE MitarbeiterInnen<\/h3>\n<p>Wir suchen zum n\u00e4chstm\u00f6glichen Zeitpunkt eine\/n neue\/n Mitarbeiter\/in f\u00fcr Kinder von 1 &#8211; 6 Jahren.<br \/>\nWenn du deutsche\/r Muttersprachler\/in bist und eine p\u00e4dagogische Ausbildung hast, w\u00fcrden wir uns freuen, von dir zu h\u00f6ren. Zus\u00e4tzlich zu den formalen Anforderungen suchen wir jemanden, der gerne selbstst\u00e4ndig und im Team arbeitet, der gerne Verantwortung \u00fcbernimmt und bereit ist, hart an der Umsetzung unseres Konzepts zu arbeiten. Wir sind besonders daran interessiert, wenn du t\u00e4nzerische und bewegungsorientierte F\u00e4higkeiten und\/oder handwerkliches Talent mitbringst.<\/p>\n\n\t\t<\/div>\n\t<\/div>\n<\/div><\/div><\/div><div class=\"wpb_column vc_column_container vc_col-sm-6 vc_col-has-fill\"><div class=\"vc_column-inner vc_custom_1670331708110\"><div class=\"wpb_wrapper\">\n\t<div class=\"wpb_text_column wpb_content_element  boxtitle\" >\n\t\t<div class=\"wpb_wrapper\">\n\t\t\t<h3>EN + DK Staff members<\/h3>\n<p>We are looking for a new staff member, for Children from 1 \u2013 6 years as soon as possible.<br \/>\nIf you are a native English and\/or Danish speaker and speak English\/Danish at C1\/C2 level and have pedagogical training, we would love to hear from you.<br \/>\nIn addition to the formal requirements, we are looking for someone who enjoys working independently and in teams, who likes to take responsibility, and who is willing to work hard to implement our concept.<br \/>\nWe are especially interested if you have skills in dance and movement and\/or a talent for craftsmanship.<br \/>\nIt is not a requirement that you can speak German, but the willingness and ability to learn it in a relatively short time is a prerequisite.<\/p>\n\n\t\t<\/div>\n\t<\/div>\n<\/div><\/div><\/div><\/div><div class=\"vc_row wpb_row vc_row-fluid vc_custom_1760532552546 vc_column-gap-35 vc_row-o-equal-height vc_row-flex\"><div class=\"wpb_column vc_column_container vc_col-sm-6 vc_col-has-fill\"><div class=\"vc_column-inner vc_custom_1676017661214\"><div class=\"wpb_wrapper\">\n\t<div class=\"wpb_text_column wpb_content_element\" >\n\t\t<div class=\"wpb_wrapper\">\n\t\t\t<h3>Wir suchen eine Integrationsfachkraft (w\/m\/d)<\/h3>\n<p>Wochenarbeitszeit: 30 &#8211; 35 Stunden<\/p>\n<p>Unsere Kita Tommlise (D\u00e4umelinchen) befindet sich im Mariendorfer Weg 48, im Neubaugebiet \u201eNeumarien\u201c in Neuk\u00f6lln. Hier werden 76 Kinder betreut, 28 im Bereich U3 bei einer Gruppengr\u00f6\u00dfe von maximal 14 Kindern und 48 im Bereich \u00dc3 bei maximal 17 Kindern pro Gruppe.<\/p>\n<p>Die Kita verf\u00fcgt \u00fcber ein trilinguales Konzept, bei dem jeweils Deutsch, Englisch oder D\u00e4nisch von den Erzieher:innen gesprochen wird, abh\u00e4ngig von der jeweiligen Muttersprache der Fachkraft. Wir legen gro\u00dfen Wert auf Augenh\u00f6he zwischen allen Menschen in der Kita, klein wie gro\u00df. Unser Motto lautet &#8220;Beziehung statt Erziehung&#8221;.<\/p>\n<p>Wir suchen f\u00fcr unseren Elementarbereich eine engagierte, freundliche, kindorientierte Integrationsfachkraft ab sofort.<\/p>\n<p>Bitte sendet eure Bewerbungen an die Mailadresse info@kita-tommelise.de<\/p>\n\n\t\t<\/div>\n\t<\/div>\n<\/div><\/div><\/div><div class=\"wpb_column vc_column_container vc_col-sm-6 vc_col-has-fill\"><div class=\"vc_column-inner vc_custom_1760532586245\"><div class=\"wpb_wrapper\">\n\t<div class=\"wpb_text_column wpb_content_element\" >\n\t\t<div class=\"wpb_wrapper\">\n\t\t\t<h3>Springer? Vikar? Jump in?<\/h3>\n<p>We are always looking for new interesting people to expand our staff \u2013 with or without education, please reach out to us.<br \/>\nIt doesn\u2019t matter if you love to cook, play music, dance, read stories, jump up and down the walls. What matters is that you want to bring joy to our children and staff and join us with the biggest smile on your lips.<\/p>\n\n\t\t<\/div>\n\t<\/div>\n<\/div><\/div><\/div><\/div><div class=\"vc_row wpb_row vc_row-fluid vc_column-gap-35 vc_row-o-equal-height vc_row-flex\"><div class=\"wpb_column vc_column_container vc_col-sm-6 vc_col-has-fill\"><div class=\"vc_column-inner vc_custom_1676017765810\"><div class=\"wpb_wrapper\">\n\t<div class=\"wpb_text_column wpb_content_element\" >\n\t\t<div class=\"wpb_wrapper\">\n\t\t\t<h3>Always welcome to contact us \ud83d\ude42<\/h3>\n\n\t\t<\/div>\n\t<\/div>\n<\/div><\/div><\/div><\/div><div data-vc-full-width=\"true\" data-vc-full-width-init=\"false\" class=\"vc_row wpb_row vc_row-fluid vc_custom_1571919609359 vc_row-has-fill\"><div class=\"wpb_column vc_column_container vc_col-sm-12\"><div class=\"vc_column-inner\"><div class=\"wpb_wrapper\"><div class=\"vc_separator wpb_content_element vc_separator_align_center vc_sep_width_100 vc_sep_pos_align_center vc_separator_no_text vc_sep_color_grey\" ><span class=\"vc_sep_holder vc_sep_holder_l\"><span  class=\"vc_sep_line\"><\/span><\/span><span class=\"vc_sep_holder vc_sep_holder_r\"><span  class=\"vc_sep_line\"><\/span><\/span>\n<\/div>\n\t<div class=\"wpb_text_column wpb_content_element\" >\n\t\t<div class=\"wpb_wrapper\">\n\t\t\t<h2 style=\"text-align: center;\"><span style=\"color: #116d70;\">Kontakt \/ Contact<br \/>\nverwaltung(\u2297)nobiwerk.com<\/span><\/h2>\n\n\t\t<\/div>\n\t<\/div>\n<\/div><\/div><\/div><div class=\"wpb_column vc_column_container vc_col-sm-12\"><div class=\"vc_column-inner\"><div class=\"wpb_wrapper\"><\/div><\/div><\/div><\/div><div class=\"vc_row-full-width vc_clearfix\"><\/div>","protected":false},"excerpt":{"rendered":"\u00d8nsker du et job hos? Vill du jobba med oss? Would you like to work with us? Nobiwerk sucht Dich! \u00a0Ab 1. Januar 2026 \u2013 Fachkraft<span class=\"excerpt-hellip\"> [\u2026]<\/span>","protected":false},"author":5,"featured_media":0,"parent":0,"menu_order":0,"comment_status":"closed","ping_status":"closed","template":"","meta":{"footnotes":""},"yoast_head":"<!-- This site is optimized with the Yoast SEO plugin v22.0 - https:\/\/yoast.com\/wordpress\/plugins\/seo\/ -->\n<title>JOBS - Svenske, Danske og Norske barnehager i Berlin<\/title>\n<meta name=\"description\" content=\"Jobs in skandinavische Kita. Schwerpunkt auf Beziehung statt Erziehung. Suchen Erzieher in Englisch, Norwegisch, D\u00e4nisch, Schwedisch und Deutsch.\" \/>\n<meta name=\"robots\" content=\"index, follow, max-snippet:-1, max-image-preview:large, max-video-preview:-1\" \/>\n<link rel=\"canonical\" href=\"https:\/\/nobiwerk.com\/de\/jobs\/\" \/>\n<meta property=\"og:locale\" content=\"de_DE\" \/>\n<meta property=\"og:type\" content=\"article\" \/>\n<meta property=\"og:title\" content=\"JOBS - Svenske, Danske og Norske barnehager i Berlin\" \/>\n<meta property=\"og:description\" content=\"Jobs in skandinavische Kita. Schwerpunkt auf Beziehung statt Erziehung. Suchen Erzieher in Englisch, Norwegisch, D\u00e4nisch, Schwedisch und Deutsch.\" \/>\n<meta property=\"og:url\" content=\"https:\/\/nobiwerk.com\/de\/jobs\/\" \/>\n<meta property=\"og:site_name\" content=\"nobiwerk\" \/>\n<meta property=\"article:publisher\" content=\"https:\/\/www.facebook.com\/nobiwerk\" \/>\n<meta property=\"article:modified_time\" content=\"2025-10-15T13:00:01+00:00\" \/>\n<meta property=\"og:image\" content=\"https:\/\/nobiwerk.com\/wp-content\/uploads\/2019\/11\/nobiwerk-windows-touch-icon-310.png\" \/>\n\t<meta property=\"og:image:width\" content=\"310\" \/>\n\t<meta property=\"og:image:height\" content=\"310\" \/>\n\t<meta property=\"og:image:type\" content=\"image\/png\" \/>\n<meta name=\"twitter:card\" content=\"summary_large_image\" \/>\n<meta name=\"twitter:label1\" content=\"Gesch\u00e4tzte Lesezeit\" \/>\n\t<meta name=\"twitter:data1\" content=\"4\u00a0Minuten\" \/>\n<script type=\"application\/ld+json\" class=\"yoast-schema-graph\">{\"@context\":\"https:\/\/schema.org\",\"@graph\":[{\"@type\":\"WebPage\",\"@id\":\"https:\/\/nobiwerk.com\/jobs\",\"url\":\"https:\/\/nobiwerk.com\/jobs\",\"name\":\"JOBS - Svenske, Danske og Norske barnehager i Berlin\",\"isPartOf\":{\"@id\":\"https:\/\/nobiwerk.com\/#website\"},\"datePublished\":\"2022-04-22T08:39:30+00:00\",\"dateModified\":\"2025-10-15T13:00:01+00:00\",\"description\":\"Jobs in skandinavische Kita. Schwerpunkt auf Beziehung statt Erziehung. Suchen Erzieher in Englisch, Norwegisch, D\u00e4nisch, Schwedisch und Deutsch.\",\"breadcrumb\":{\"@id\":\"https:\/\/nobiwerk.com\/jobs#breadcrumb\"},\"inLanguage\":\"de\",\"potentialAction\":[{\"@type\":\"ReadAction\",\"target\":[\"https:\/\/nobiwerk.com\/jobs\"]}]},{\"@type\":\"BreadcrumbList\",\"@id\":\"https:\/\/nobiwerk.com\/jobs#breadcrumb\",\"itemListElement\":[{\"@type\":\"ListItem\",\"position\":1,\"name\":\"Startseite\",\"item\":\"https:\/\/nobiwerk.com\/\"},{\"@type\":\"ListItem\",\"position\":2,\"name\":\"JOBS\"}]},{\"@type\":\"WebSite\",\"@id\":\"https:\/\/nobiwerk.com\/#website\",\"url\":\"https:\/\/nobiwerk.com\/\",\"name\":\"nobiwerk\",\"description\":\"Svenske, Danske og Norske barnehager i Berlin\",\"publisher\":{\"@id\":\"https:\/\/nobiwerk.com\/#organization\"},\"potentialAction\":[{\"@type\":\"SearchAction\",\"target\":{\"@type\":\"EntryPoint\",\"urlTemplate\":\"https:\/\/nobiwerk.com\/?s={search_term_string}\"},\"query-input\":\"required name=search_term_string\"}],\"inLanguage\":\"de\"},{\"@type\":\"Organization\",\"@id\":\"https:\/\/nobiwerk.com\/#organization\",\"name\":\"nobiwerk\",\"url\":\"https:\/\/nobiwerk.com\/\",\"logo\":{\"@type\":\"ImageObject\",\"inLanguage\":\"de\",\"@id\":\"https:\/\/nobiwerk.com\/#\/schema\/logo\/image\/\",\"url\":\"https:\/\/nobiwerk.com\/wp-content\/uploads\/2019\/11\/nobiwerk-windows-touch-icon-310.png\",\"contentUrl\":\"https:\/\/nobiwerk.com\/wp-content\/uploads\/2019\/11\/nobiwerk-windows-touch-icon-310.png\",\"width\":310,\"height\":310,\"caption\":\"nobiwerk\"},\"image\":{\"@id\":\"https:\/\/nobiwerk.com\/#\/schema\/logo\/image\/\"},\"sameAs\":[\"https:\/\/www.facebook.com\/nobiwerk\"]}]}<\/script>\n<!-- \/ Yoast SEO plugin. -->","yoast_head_json":{"title":"JOBS - Svenske, Danske og Norske barnehager i Berlin","description":"Jobs in skandinavische Kita. Schwerpunkt auf Beziehung statt Erziehung. Suchen Erzieher in Englisch, Norwegisch, D\u00e4nisch, Schwedisch und Deutsch.","robots":{"index":"index","follow":"follow","max-snippet":"max-snippet:-1","max-image-preview":"max-image-preview:large","max-video-preview":"max-video-preview:-1"},"canonical":"https:\/\/nobiwerk.com\/de\/jobs\/","og_locale":"de_DE","og_type":"article","og_title":"JOBS - Svenske, Danske og Norske barnehager i Berlin","og_description":"Jobs in skandinavische Kita. Schwerpunkt auf Beziehung statt Erziehung. Suchen Erzieher in Englisch, Norwegisch, D\u00e4nisch, Schwedisch und Deutsch.","og_url":"https:\/\/nobiwerk.com\/de\/jobs\/","og_site_name":"nobiwerk","article_publisher":"https:\/\/www.facebook.com\/nobiwerk","article_modified_time":"2025-10-15T13:00:01+00:00","og_image":[{"width":310,"height":310,"url":"https:\/\/nobiwerk.com\/wp-content\/uploads\/2019\/11\/nobiwerk-windows-touch-icon-310.png","type":"image\/png"}],"twitter_card":"summary_large_image","twitter_misc":{"Gesch\u00e4tzte Lesezeit":"4\u00a0Minuten"},"schema":{"@context":"https:\/\/schema.org","@graph":[{"@type":"WebPage","@id":"https:\/\/nobiwerk.com\/jobs","url":"https:\/\/nobiwerk.com\/jobs","name":"JOBS - Svenske, Danske og Norske barnehager i Berlin","isPartOf":{"@id":"https:\/\/nobiwerk.com\/#website"},"datePublished":"2022-04-22T08:39:30+00:00","dateModified":"2025-10-15T13:00:01+00:00","description":"Jobs in skandinavische Kita. Schwerpunkt auf Beziehung statt Erziehung. Suchen Erzieher in Englisch, Norwegisch, D\u00e4nisch, Schwedisch und Deutsch.","breadcrumb":{"@id":"https:\/\/nobiwerk.com\/jobs#breadcrumb"},"inLanguage":"de","potentialAction":[{"@type":"ReadAction","target":["https:\/\/nobiwerk.com\/jobs"]}]},{"@type":"BreadcrumbList","@id":"https:\/\/nobiwerk.com\/jobs#breadcrumb","itemListElement":[{"@type":"ListItem","position":1,"name":"Startseite","item":"https:\/\/nobiwerk.com\/"},{"@type":"ListItem","position":2,"name":"JOBS"}]},{"@type":"WebSite","@id":"https:\/\/nobiwerk.com\/#website","url":"https:\/\/nobiwerk.com\/","name":"nobiwerk","description":"Svenske, Danske og Norske barnehager i Berlin","publisher":{"@id":"https:\/\/nobiwerk.com\/#organization"},"potentialAction":[{"@type":"SearchAction","target":{"@type":"EntryPoint","urlTemplate":"https:\/\/nobiwerk.com\/?s={search_term_string}"},"query-input":"required name=search_term_string"}],"inLanguage":"de"},{"@type":"Organization","@id":"https:\/\/nobiwerk.com\/#organization","name":"nobiwerk","url":"https:\/\/nobiwerk.com\/","logo":{"@type":"ImageObject","inLanguage":"de","@id":"https:\/\/nobiwerk.com\/#\/schema\/logo\/image\/","url":"https:\/\/nobiwerk.com\/wp-content\/uploads\/2019\/11\/nobiwerk-windows-touch-icon-310.png","contentUrl":"https:\/\/nobiwerk.com\/wp-content\/uploads\/2019\/11\/nobiwerk-windows-touch-icon-310.png","width":310,"height":310,"caption":"nobiwerk"},"image":{"@id":"https:\/\/nobiwerk.com\/#\/schema\/logo\/image\/"},"sameAs":["https:\/\/www.facebook.com\/nobiwerk"]}]}},"_links":{"self":[{"href":"https:\/\/nobiwerk.com\/de\/wp-json\/wp\/v2\/pages\/1562"}],"collection":[{"href":"https:\/\/nobiwerk.com\/de\/wp-json\/wp\/v2\/pages"}],"about":[{"href":"https:\/\/nobiwerk.com\/de\/wp-json\/wp\/v2\/types\/page"}],"author":[{"embeddable":true,"href":"https:\/\/nobiwerk.com\/de\/wp-json\/wp\/v2\/users\/5"}],"replies":[{"embeddable":true,"href":"https:\/\/nobiwerk.com\/de\/wp-json\/wp\/v2\/comments?post=1562"}],"version-history":[{"count":95,"href":"https:\/\/nobiwerk.com\/de\/wp-json\/wp\/v2\/pages\/1562\/revisions"}],"predecessor-version":[{"id":2112,"href":"https:\/\/nobiwerk.com\/de\/wp-json\/wp\/v2\/pages\/1562\/revisions\/2112"}],"wp:attachment":[{"href":"https:\/\/nobiwerk.com\/de\/wp-json\/wp\/v2\/media?parent=1562"}],"curies":[{"name":"wp","href":"https:\/\/api.w.org\/{rel}","templated":true}]}}