{"id":160,"date":"2019-07-11T18:42:30","date_gmt":"2019-07-11T18:42:30","guid":{"rendered":"http:\/\/nobiwerk.com\/?page_id=160"},"modified":"2024-12-04T14:42:10","modified_gmt":"2024-12-04T14:42:10","slug":"kita-lillebror","status":"publish","type":"page","link":"https:\/\/nobiwerk.com\/de\/kita-kindergarten\/kita-lillebror","title":{"rendered":"Kita Lillebror"},"content":{"rendered":"<div class=\"vc_row wpb_row vc_row-fluid vc_custom_1571948190311 vc_column-gap-20 vc_row-o-equal-height vc_row-o-content-top vc_row-flex\"><div class=\"wpb_column vc_column_container vc_col-sm-4\"><div class=\"vc_column-inner vc_custom_1562869783638\"><div class=\"wpb_wrapper\"><\/div><\/div><\/div><div class=\"wpb_column vc_column_container vc_col-sm-8 vc_hidden-xs\"><div class=\"vc_column-inner\"><div class=\"wpb_wrapper\"><h2 style=\"color: #97c9c9;text-align: right\" class=\"vc_custom_heading kitaslogan vc_custom_1571948199409\" >Der kleine Bruder spricht vier Sprachen<\/h2><\/div><\/div><\/div><\/div><div class=\"vc_row wpb_row vc_row-fluid vc_custom_1563056346244 vc_column-gap-20 vc_row-o-equal-height vc_row-o-content-top vc_row-flex\"><div class=\"wpb_column vc_column_container vc_col-sm-8\"><div class=\"vc_column-inner vc_custom_1571939818486\"><div class=\"wpb_wrapper\">\n\t<div class=\"wpb_text_column wpb_content_element  vc_custom_1723629894704 kita\" >\n\t\t<div class=\"wpb_wrapper\">\n\t\t\t<h1>Kita Lillebror<\/h1>\n<p class=\"p1\">Wir haben es geschafft!<\/p>\n<p class=\"p1\">Unser abenteuerlicher Umzug in unsere zwei neuen Kitas ist vollendet.<\/p>\n<p class=\"p1\">In der neuen Kita Lillebror sind die norwegische und die d\u00e4nische Gruppe nun in der wundersch\u00f6nen Location im Marienpark untergebracht.<\/p>\n<p class=\"p1\">Mit einem noch gr\u00f6\u00dferen Au\u00dfenbereich als zuvor haben wir hier einen brandneuen Spielplatz gebaut.<\/p>\n<p class=\"p1\">Die lichtdurchfluteten High-Tech-Container mit gro\u00dfen Fenstern<span class=\"Apple-converted-space\">\u00a0 <\/span>\u00fcbertreffen alle Erwartungen.<\/p>\n<p class=\"p1\">Nat\u00fcrlich haben wir auch hier eine nest Gruppe f\u00fcr aller kleinsten, in dieser Gruppe sind die Norwegische und D\u00e4nische Sprachen vorhanden.<\/p>\n<p class=\"p1\">Die schwedische Gruppe ist jetzt in der Kita Mucklaboo untergebracht.<\/p>\n<p class=\"p1\">Viele Eltern freuen sich sehr \u00fcber diese zentral gelegene Location, da sie das Bringen und Abholen der Kinder erheblich erleichtert.<\/p>\n<p class=\"p1\">Die vollst\u00e4ndig sanierten R\u00e4umlichkeiten bieten sch\u00f6ne, einladende R\u00e4ume f\u00fcr die Kinder.<\/p>\n<p class=\"p1\">Das \u201cNest- original Team\u201d von ehemaliger Lillebror wird hier die Nest Gruppe weiterf\u00fchren.<\/p>\n<p class=\"p1\">Beide Kitas sind wunderbare Orte geworden, und die Zukunft h\u00e4lt noch mehr bereit.<\/p>\n<p class=\"p1\">Im Marienpark ist geplant, dass alle Gruppen in drei Jahren in der Marienvilla wieder vereint werden.<\/p>\n<p class=\"p1\">Ich empfehle, Marienvilla zu googeln, da dies eine sehr besondere Location ist, die derzeit nur als Filmkulisse genutzt wird. Wir freuen uns sehr darauf, hier in Zukunft ein echtes Kita-Paradies aufzubauen.<\/p>\n<p class=\"p1\">Das Konzept bleibt wie gehabt: mit eigenen K\u00fcchen, Kunstr\u00e4umen, und neben Deutsch wird weiterhin D\u00e4nisch, Schwedisch und Norwegisch gesprochen.<\/p>\n\n\t\t<\/div>\n\t<\/div>\n<\/div><\/div><\/div><div class=\"wpb_column vc_column_container vc_col-sm-4 vc_col-has-fill\"><div class=\"vc_column-inner vc_custom_1572000276193\"><div class=\"wpb_wrapper\">\n\t<div class=\"wpb_text_column wpb_content_element\" >\n\t\t<div class=\"wpb_wrapper\">\n\t\t\t<h4>Kontakt<\/h4>\n<p>Anna Lubenow<br \/>\n<span style=\"color: #93bab5;\">P\u00e4dagogische Leitung<\/span><\/p>\n<p>Marienpark 15\/25<br \/>\n12107 Berlin<\/p>\n\n\t\t<\/div>\n\t<\/div>\n<div class=\"vc_btn3-container vc_btn3-inline\" ><a class=\"vc_general vc_btn3 vc_btn3-size-md vc_btn3-shape-square vc_btn3-style-3d vc_btn3-color-sandy-brown\" href=\"https:\/\/nobiwerk.com\/de\/kita-kindergarten\/kita-anmeldung-warteliste\/\" title=\"Kita Anmeldung \/ Warteliste\" target=\"_blank\">Anmeldung<\/a><\/div><div class=\"vc_btn3-container vc_btn3-inline vc_custom_1653390914310\" ><a class=\"vc_general vc_btn3 vc_btn3-size-md vc_btn3-shape-square vc_btn3-style-3d vc_btn3-color-sandy-brown\" href=\"https:\/\/nobiwerk.com\/wp-content\/uploads\/2022\/05\/2018-LB-Pa\u0308dagogisches-Konzept-GESCHU\u0308TZT.pdf\" title=\"Kita Lillebror - P\u00e4dagogisches Konzept\" target=\"_blank\">Konzept Donwload<\/a><\/div><\/div><\/div><\/div><\/div><div class=\"vc_row wpb_row vc_row-fluid vc_custom_1571942710714\"><div class=\"wpb_column vc_column_container vc_col-sm-4\"><div class=\"vc_column-inner vc_custom_1571940457444\"><div class=\"wpb_wrapper\">\n\t<div  class=\"wpb_single_image wpb_content_element vc_align_left\">\n\t\t\n\t\t<figure class=\"wpb_wrapper vc_figure\">\n\t\t\t<div class=\"vc_single_image-wrapper   vc_box_border_grey\"><img width=\"800\" height=\"1067\" src=\"https:\/\/nobiwerk.com\/wp-content\/uploads\/2019\/10\/nobiwerk-bild-kita-lillebror-01.jpg\" class=\"vc_single_image-img attachment-full\" alt=\"nobiwerk Kita Lillebror\" decoding=\"async\" title=\"nobiwerk-bild-kita-lillebror-01\" loading=\"lazy\" srcset=\"https:\/\/nobiwerk.com\/wp-content\/uploads\/2019\/10\/nobiwerk-bild-kita-lillebror-01.jpg 800w, https:\/\/nobiwerk.com\/wp-content\/uploads\/2019\/10\/nobiwerk-bild-kita-lillebror-01-225x300.jpg 225w, https:\/\/nobiwerk.com\/wp-content\/uploads\/2019\/10\/nobiwerk-bild-kita-lillebror-01-768x1024.jpg 768w, https:\/\/nobiwerk.com\/wp-content\/uploads\/2019\/10\/nobiwerk-bild-kita-lillebror-01-109x146.jpg 109w, https:\/\/nobiwerk.com\/wp-content\/uploads\/2019\/10\/nobiwerk-bild-kita-lillebror-01-37x50.jpg 37w, https:\/\/nobiwerk.com\/wp-content\/uploads\/2019\/10\/nobiwerk-bild-kita-lillebror-01-56x75.jpg 56w\" sizes=\"(max-width: 800px) 100vw, 800px\" \/><\/div>\n\t\t<\/figure>\n\t<\/div>\n<\/div><\/div><\/div><div class=\"wpb_column vc_column_container vc_col-sm-4\"><div class=\"vc_column-inner vc_custom_1571940439639\"><div class=\"wpb_wrapper\">\n\t<div  class=\"wpb_single_image wpb_content_element vc_align_left\">\n\t\t\n\t\t<figure class=\"wpb_wrapper vc_figure\">\n\t\t\t<div class=\"vc_single_image-wrapper   vc_box_border_grey\"><img width=\"710\" height=\"947\" src=\"https:\/\/nobiwerk.com\/wp-content\/uploads\/2019\/10\/nobiwerk-bild-kita-lillebror-02.jpg\" class=\"vc_single_image-img attachment-full\" alt=\"\" decoding=\"async\" title=\"nobiwerk-bild-kita-lillebror-02\" loading=\"lazy\" srcset=\"https:\/\/nobiwerk.com\/wp-content\/uploads\/2019\/10\/nobiwerk-bild-kita-lillebror-02.jpg 710w, https:\/\/nobiwerk.com\/wp-content\/uploads\/2019\/10\/nobiwerk-bild-kita-lillebror-02-225x300.jpg 225w, https:\/\/nobiwerk.com\/wp-content\/uploads\/2019\/10\/nobiwerk-bild-kita-lillebror-02-109x146.jpg 109w, https:\/\/nobiwerk.com\/wp-content\/uploads\/2019\/10\/nobiwerk-bild-kita-lillebror-02-37x50.jpg 37w, https:\/\/nobiwerk.com\/wp-content\/uploads\/2019\/10\/nobiwerk-bild-kita-lillebror-02-56x75.jpg 56w\" sizes=\"(max-width: 710px) 100vw, 710px\" \/><\/div>\n\t\t<\/figure>\n\t<\/div>\n<\/div><\/div><\/div><div class=\"wpb_column vc_column_container vc_col-sm-4\"><div class=\"vc_column-inner vc_custom_1571940424184\"><div class=\"wpb_wrapper\">\n\t<div  class=\"wpb_single_image wpb_content_element vc_align_left\">\n\t\t\n\t\t<figure class=\"wpb_wrapper vc_figure\">\n\t\t\t<div class=\"vc_single_image-wrapper   vc_box_border_grey\"><img width=\"800\" height=\"1067\" src=\"https:\/\/nobiwerk.com\/wp-content\/uploads\/2019\/10\/nobiwerk-kita-lillebror-kochlabor-01.jpg\" class=\"vc_single_image-img attachment-full\" alt=\"\" decoding=\"async\" title=\"nobiwerk-kita-lillebror-kochlabor-01\" loading=\"lazy\" srcset=\"https:\/\/nobiwerk.com\/wp-content\/uploads\/2019\/10\/nobiwerk-kita-lillebror-kochlabor-01.jpg 800w, https:\/\/nobiwerk.com\/wp-content\/uploads\/2019\/10\/nobiwerk-kita-lillebror-kochlabor-01-225x300.jpg 225w, https:\/\/nobiwerk.com\/wp-content\/uploads\/2019\/10\/nobiwerk-kita-lillebror-kochlabor-01-768x1024.jpg 768w, https:\/\/nobiwerk.com\/wp-content\/uploads\/2019\/10\/nobiwerk-kita-lillebror-kochlabor-01-109x146.jpg 109w, https:\/\/nobiwerk.com\/wp-content\/uploads\/2019\/10\/nobiwerk-kita-lillebror-kochlabor-01-37x50.jpg 37w, https:\/\/nobiwerk.com\/wp-content\/uploads\/2019\/10\/nobiwerk-kita-lillebror-kochlabor-01-56x75.jpg 56w\" sizes=\"(max-width: 800px) 100vw, 800px\" \/><\/div>\n\t\t<\/figure>\n\t<\/div>\n<\/div><\/div><\/div><\/div><div class=\"vc_row wpb_row vc_row-fluid vc_custom_1728909789549 vc_column-gap-35 vc_row-o-equal-height vc_row-flex\"><div class=\"wpb_column vc_column_container vc_col-sm-6 vc_col-has-fill\"><div class=\"vc_column-inner vc_custom_1572000328401\"><div class=\"wpb_wrapper\">\n\t<div class=\"wpb_text_column wpb_content_element  boxtitle\" >\n\t\t<div class=\"wpb_wrapper\">\n\t\t\t<h2>Kita Hucky Bucky<\/h2>\n<p>Die Kita Hucky Bucky (M\u00e4rchen aus Norwegen, \u201eHakke Bakke Skogen\u201c) in Lichtenberg ist eine bilinguale Kita f\u00fcr 25 Kinder mit den Sprachen Deutsch und Englisch.<\/p>\n\n\t\t<\/div>\n\t<\/div>\n<div class=\"vc_btn3-container vc_btn3-inline\" ><a class=\"vc_general vc_btn3 vc_btn3-size-md vc_btn3-shape-square vc_btn3-style-3d vc_btn3-color-sandy-brown\" href=\"https:\/\/nobiwerk.com\/de\/kita-kindergarten\/kita-hucky-bucky\/\" title=\"\">mehr lesen<\/a><\/div><\/div><\/div><\/div><div class=\"wpb_column vc_column_container vc_col-sm-6 vc_col-has-fill\"><div class=\"vc_column-inner vc_custom_1572000298138\"><div class=\"wpb_wrapper\">\n\t<div class=\"wpb_text_column wpb_content_element  boxtitle\" >\n\t\t<div class=\"wpb_wrapper\">\n\t\t\t<h3>Kita Tommelise<\/h3>\n<p>Die Kita Tommlise (D\u00e4umelinchen) ist dreisprachig \u2013 Englisch \u2013 D\u00e4nisch \u2013 Deutsch. Sie bietet Platz f\u00fcr 70 Kinder und befindet sich im Neubaugebiet \u201eNeumarien\u201c in Neuk\u00f6lln.<\/p>\n\n\t\t<\/div>\n\t<\/div>\n<div class=\"vc_btn3-container vc_btn3-inline\" ><a class=\"vc_general vc_btn3 vc_btn3-size-md vc_btn3-shape-square vc_btn3-style-3d vc_btn3-color-sandy-brown\" href=\"https:\/\/nobiwerk.com\/de\/kita-kindergarten\/kita-tommelise\/\" title=\"\">mehr lesen<\/a><\/div><\/div><\/div><\/div><\/div><div class=\"vc_row wpb_row vc_row-fluid vc_custom_1572000333829 vc_column-gap-35 vc_row-o-equal-height vc_row-flex\"><div class=\"wpb_column vc_column_container vc_col-sm-6 vc_col-has-fill\"><div class=\"vc_column-inner vc_custom_1572000328401\"><div class=\"wpb_wrapper\">\n\t<div class=\"wpb_text_column wpb_content_element  boxtitle\" >\n\t\t<div class=\"wpb_wrapper\">\n\t\t\t<h2>Kita Mucklabo<\/h2>\n<p>Kita Mucklabo, ist die Schwester-Kita von Kita Lillebror. Die R\u00e4ume liegen im Herzen von Neuk\u00f6lln und es ist ein Ort f\u00fcr 25 skandinavisch-sprachige Familien in Berlin. Ihr findet uns Mucklas in der Wederstr. 87-89, 12347 Berlin.<\/p>\n\n\t\t<\/div>\n\t<\/div>\n<div class=\"vc_btn3-container vc_btn3-inline\" ><a class=\"vc_general vc_btn3 vc_btn3-size-md vc_btn3-shape-square vc_btn3-style-3d vc_btn3-color-sandy-brown\" href=\"https:\/\/nobiwerk.com\/de\/kita-kindergarten\/kita-mucklabo\/\" title=\"\">mehr lesen<\/a><\/div><\/div><\/div><\/div><\/div>","protected":false},"excerpt":{"rendered":"Der kleine Bruder spricht vier Sprachen Kita Lillebror Wir haben es geschafft! Unser abenteuerlicher Umzug in unsere zwei neuen Kitas ist vollendet. In der neuen Kita<span class=\"excerpt-hellip\"> [\u2026]<\/span>","protected":false},"author":1,"featured_media":0,"parent":118,"menu_order":0,"comment_status":"closed","ping_status":"closed","template":"","meta":{"footnotes":""},"yoast_head":"<!-- This site is optimized with the Yoast SEO plugin v22.0 - https:\/\/yoast.com\/wordpress\/plugins\/seo\/ -->\n<title>Kita Lillebror - Svenske, Danske og Norske barnehager i Berlin<\/title>\n<meta name=\"description\" content=\"Unsere Kitas in Berlin verbinden skandinavische P\u00e4dagogik und f\u00f6rdern demokratische Werte und Selbstbestimmung.\" \/>\n<meta name=\"robots\" content=\"index, follow, max-snippet:-1, max-image-preview:large, max-video-preview:-1\" \/>\n<link rel=\"canonical\" href=\"https:\/\/nobiwerk.com\/de\/kita-kindergarten\/kita-lillebror\/\" \/>\n<meta property=\"og:locale\" content=\"de_DE\" \/>\n<meta property=\"og:type\" content=\"article\" \/>\n<meta property=\"og:title\" content=\"Kita Lillebror - Svenske, Danske og Norske barnehager i Berlin\" \/>\n<meta property=\"og:description\" content=\"Unsere Kitas in Berlin verbinden skandinavische P\u00e4dagogik und f\u00f6rdern demokratische Werte und Selbstbestimmung.\" \/>\n<meta property=\"og:url\" content=\"https:\/\/nobiwerk.com\/de\/kita-kindergarten\/kita-lillebror\/\" \/>\n<meta property=\"og:site_name\" content=\"nobiwerk\" \/>\n<meta property=\"article:publisher\" content=\"https:\/\/www.facebook.com\/nobiwerk\" \/>\n<meta property=\"article:modified_time\" content=\"2024-12-04T14:42:10+00:00\" \/>\n<meta property=\"og:image\" content=\"https:\/\/nobiwerk.com\/wp-content\/uploads\/2019\/11\/nobiwerk-windows-touch-icon-310.png\" \/>\n\t<meta property=\"og:image:width\" content=\"310\" \/>\n\t<meta property=\"og:image:height\" content=\"310\" \/>\n\t<meta property=\"og:image:type\" content=\"image\/png\" \/>\n<meta name=\"twitter:card\" content=\"summary_large_image\" \/>\n<meta name=\"twitter:label1\" content=\"Gesch\u00e4tzte Lesezeit\" \/>\n\t<meta name=\"twitter:data1\" content=\"3\u00a0Minuten\" \/>\n<script type=\"application\/ld+json\" class=\"yoast-schema-graph\">{\"@context\":\"https:\/\/schema.org\",\"@graph\":[{\"@type\":\"WebPage\",\"@id\":\"https:\/\/nobiwerk.com\/kita-kindergarten\/kita-lillebror\",\"url\":\"https:\/\/nobiwerk.com\/kita-kindergarten\/kita-lillebror\",\"name\":\"Kita Lillebror - Svenske, Danske og Norske barnehager i Berlin\",\"isPartOf\":{\"@id\":\"https:\/\/nobiwerk.com\/#website\"},\"datePublished\":\"2019-07-11T18:42:30+00:00\",\"dateModified\":\"2024-12-04T14:42:10+00:00\",\"description\":\"Unsere Kitas in Berlin verbinden skandinavische P\u00e4dagogik und f\u00f6rdern demokratische Werte und Selbstbestimmung.\",\"breadcrumb\":{\"@id\":\"https:\/\/nobiwerk.com\/kita-kindergarten\/kita-lillebror#breadcrumb\"},\"inLanguage\":\"de\",\"potentialAction\":[{\"@type\":\"ReadAction\",\"target\":[\"https:\/\/nobiwerk.com\/kita-kindergarten\/kita-lillebror\"]}]},{\"@type\":\"BreadcrumbList\",\"@id\":\"https:\/\/nobiwerk.com\/kita-kindergarten\/kita-lillebror#breadcrumb\",\"itemListElement\":[{\"@type\":\"ListItem\",\"position\":1,\"name\":\"Startseite\",\"item\":\"https:\/\/nobiwerk.com\/\"},{\"@type\":\"ListItem\",\"position\":2,\"name\":\"KITA\",\"item\":\"https:\/\/nobiwerk.com\/kita-kindergarten\"},{\"@type\":\"ListItem\",\"position\":3,\"name\":\"Kita Lillebror\"}]},{\"@type\":\"WebSite\",\"@id\":\"https:\/\/nobiwerk.com\/#website\",\"url\":\"https:\/\/nobiwerk.com\/\",\"name\":\"nobiwerk\",\"description\":\"Svenske, Danske og Norske barnehager i Berlin\",\"publisher\":{\"@id\":\"https:\/\/nobiwerk.com\/#organization\"},\"potentialAction\":[{\"@type\":\"SearchAction\",\"target\":{\"@type\":\"EntryPoint\",\"urlTemplate\":\"https:\/\/nobiwerk.com\/?s={search_term_string}\"},\"query-input\":\"required name=search_term_string\"}],\"inLanguage\":\"de\"},{\"@type\":\"Organization\",\"@id\":\"https:\/\/nobiwerk.com\/#organization\",\"name\":\"nobiwerk\",\"url\":\"https:\/\/nobiwerk.com\/\",\"logo\":{\"@type\":\"ImageObject\",\"inLanguage\":\"de\",\"@id\":\"https:\/\/nobiwerk.com\/#\/schema\/logo\/image\/\",\"url\":\"https:\/\/nobiwerk.com\/wp-content\/uploads\/2019\/11\/nobiwerk-windows-touch-icon-310.png\",\"contentUrl\":\"https:\/\/nobiwerk.com\/wp-content\/uploads\/2019\/11\/nobiwerk-windows-touch-icon-310.png\",\"width\":310,\"height\":310,\"caption\":\"nobiwerk\"},\"image\":{\"@id\":\"https:\/\/nobiwerk.com\/#\/schema\/logo\/image\/\"},\"sameAs\":[\"https:\/\/www.facebook.com\/nobiwerk\"]}]}<\/script>\n<!-- \/ Yoast SEO plugin. -->","yoast_head_json":{"title":"Kita Lillebror - Svenske, Danske og Norske barnehager i Berlin","description":"Unsere Kitas in Berlin verbinden skandinavische P\u00e4dagogik und f\u00f6rdern demokratische Werte und Selbstbestimmung.","robots":{"index":"index","follow":"follow","max-snippet":"max-snippet:-1","max-image-preview":"max-image-preview:large","max-video-preview":"max-video-preview:-1"},"canonical":"https:\/\/nobiwerk.com\/de\/kita-kindergarten\/kita-lillebror\/","og_locale":"de_DE","og_type":"article","og_title":"Kita Lillebror - Svenske, Danske og Norske barnehager i Berlin","og_description":"Unsere Kitas in Berlin verbinden skandinavische P\u00e4dagogik und f\u00f6rdern demokratische Werte und Selbstbestimmung.","og_url":"https:\/\/nobiwerk.com\/de\/kita-kindergarten\/kita-lillebror\/","og_site_name":"nobiwerk","article_publisher":"https:\/\/www.facebook.com\/nobiwerk","article_modified_time":"2024-12-04T14:42:10+00:00","og_image":[{"width":310,"height":310,"url":"https:\/\/nobiwerk.com\/wp-content\/uploads\/2019\/11\/nobiwerk-windows-touch-icon-310.png","type":"image\/png"}],"twitter_card":"summary_large_image","twitter_misc":{"Gesch\u00e4tzte Lesezeit":"3\u00a0Minuten"},"schema":{"@context":"https:\/\/schema.org","@graph":[{"@type":"WebPage","@id":"https:\/\/nobiwerk.com\/kita-kindergarten\/kita-lillebror","url":"https:\/\/nobiwerk.com\/kita-kindergarten\/kita-lillebror","name":"Kita Lillebror - Svenske, Danske og Norske barnehager i Berlin","isPartOf":{"@id":"https:\/\/nobiwerk.com\/#website"},"datePublished":"2019-07-11T18:42:30+00:00","dateModified":"2024-12-04T14:42:10+00:00","description":"Unsere Kitas in Berlin verbinden skandinavische P\u00e4dagogik und f\u00f6rdern demokratische Werte und Selbstbestimmung.","breadcrumb":{"@id":"https:\/\/nobiwerk.com\/kita-kindergarten\/kita-lillebror#breadcrumb"},"inLanguage":"de","potentialAction":[{"@type":"ReadAction","target":["https:\/\/nobiwerk.com\/kita-kindergarten\/kita-lillebror"]}]},{"@type":"BreadcrumbList","@id":"https:\/\/nobiwerk.com\/kita-kindergarten\/kita-lillebror#breadcrumb","itemListElement":[{"@type":"ListItem","position":1,"name":"Startseite","item":"https:\/\/nobiwerk.com\/"},{"@type":"ListItem","position":2,"name":"KITA","item":"https:\/\/nobiwerk.com\/kita-kindergarten"},{"@type":"ListItem","position":3,"name":"Kita Lillebror"}]},{"@type":"WebSite","@id":"https:\/\/nobiwerk.com\/#website","url":"https:\/\/nobiwerk.com\/","name":"nobiwerk","description":"Svenske, Danske og Norske barnehager i Berlin","publisher":{"@id":"https:\/\/nobiwerk.com\/#organization"},"potentialAction":[{"@type":"SearchAction","target":{"@type":"EntryPoint","urlTemplate":"https:\/\/nobiwerk.com\/?s={search_term_string}"},"query-input":"required name=search_term_string"}],"inLanguage":"de"},{"@type":"Organization","@id":"https:\/\/nobiwerk.com\/#organization","name":"nobiwerk","url":"https:\/\/nobiwerk.com\/","logo":{"@type":"ImageObject","inLanguage":"de","@id":"https:\/\/nobiwerk.com\/#\/schema\/logo\/image\/","url":"https:\/\/nobiwerk.com\/wp-content\/uploads\/2019\/11\/nobiwerk-windows-touch-icon-310.png","contentUrl":"https:\/\/nobiwerk.com\/wp-content\/uploads\/2019\/11\/nobiwerk-windows-touch-icon-310.png","width":310,"height":310,"caption":"nobiwerk"},"image":{"@id":"https:\/\/nobiwerk.com\/#\/schema\/logo\/image\/"},"sameAs":["https:\/\/www.facebook.com\/nobiwerk"]}]}},"_links":{"self":[{"href":"https:\/\/nobiwerk.com\/de\/wp-json\/wp\/v2\/pages\/160"}],"collection":[{"href":"https:\/\/nobiwerk.com\/de\/wp-json\/wp\/v2\/pages"}],"about":[{"href":"https:\/\/nobiwerk.com\/de\/wp-json\/wp\/v2\/types\/page"}],"author":[{"embeddable":true,"href":"https:\/\/nobiwerk.com\/de\/wp-json\/wp\/v2\/users\/1"}],"replies":[{"embeddable":true,"href":"https:\/\/nobiwerk.com\/de\/wp-json\/wp\/v2\/comments?post=160"}],"version-history":[{"count":113,"href":"https:\/\/nobiwerk.com\/de\/wp-json\/wp\/v2\/pages\/160\/revisions"}],"predecessor-version":[{"id":2048,"href":"https:\/\/nobiwerk.com\/de\/wp-json\/wp\/v2\/pages\/160\/revisions\/2048"}],"up":[{"embeddable":true,"href":"https:\/\/nobiwerk.com\/de\/wp-json\/wp\/v2\/pages\/118"}],"wp:attachment":[{"href":"https:\/\/nobiwerk.com\/de\/wp-json\/wp\/v2\/media?parent=160"}],"curies":[{"name":"wp","href":"https:\/\/api.w.org\/{rel}","templated":true}]}}