{"id":18,"date":"2019-07-11T13:24:50","date_gmt":"2019-07-11T13:24:50","guid":{"rendered":"http:\/\/nobiwerk.com\/?page_id=18"},"modified":"2022-04-21T12:08:46","modified_gmt":"2022-04-21T12:08:46","slug":"ueber-uns","status":"publish","type":"page","link":"https:\/\/nobiwerk.com\/de\/ueber-uns","title":{"rendered":"\u00dcBER UNS"},"content":{"rendered":"<div class=\"vc_row wpb_row vc_row-fluid vc_custom_1571948429049 vc_column-gap-20 vc_row-o-content-top vc_row-flex\"><div class=\"wpb_column vc_column_container vc_col-sm-4\"><div class=\"vc_column-inner vc_custom_1562869783638\"><div class=\"wpb_wrapper\"><\/div><\/div><\/div><div class=\"wpb_column vc_column_container vc_col-sm-8\"><div class=\"vc_column-inner\"><div class=\"wpb_wrapper\"><h2 style=\"color: #97c9c9;text-align: right\" class=\"vc_custom_heading kitaslogan vc_custom_1571948411494\" >Wir leben Beziehung statt Erziehung<\/h2><\/div><\/div><\/div><\/div><div class=\"vc_row wpb_row vc_row-fluid vc_custom_1571948470746 vc_column-gap-20 vc_row-o-content-top vc_row-flex\"><div class=\"wpb_column vc_column_container vc_col-sm-8\"><div class=\"vc_column-inner vc_custom_1562869783638\"><div class=\"wpb_wrapper\">\n\t<div class=\"wpb_text_column wpb_content_element  kita\" >\n\t\t<div class=\"wpb_wrapper\">\n\t\t\t<h1>Haltung &amp; Werte<\/h1>\n<p>Die Begleitung von Kindern erfordert Empathie, Wertsch\u00e4tzung und Anerkennung. Dabei ist die pers\u00f6nliche und authentische Beziehung unser Fundament, sowohl in der Beziehung zu den Kindern, als auch zwischen den Angestellten, Eltern, Leitern und Tr\u00e4gern. Der tragende Leitsatz ist \u201eBeziehung statt Erziehung\u201c.<\/p>\n<p>Unser Bild vom Kind ist aus unseren skandinavischen Wurzeln gewachsen. Dabei dient uns unter anderem Jesper Juul als Vorbild. Wir k\u00f6nnen Kinder nicht erziehen, sondern nur begleiten &#8211; anerkennend und gleichw\u00fcrdig.<\/p>\n<p>Berit Bae sagt, Anerkennung ist eine gelebte Haltung und keine Kommunikationstechnik. Sich anerkennend zu verhalten hei\u00dft, sich voll und ganz einbringen zu k\u00f6nnen \u2013 mit den eigenen Gef\u00fchlen und dem Verstand. Wir reden dabei nicht von aufgesetztem K\u00f6nnen, Anerkennung kommt von innen.<\/p>\n\n\t\t<\/div>\n\t<\/div>\n<\/div><\/div><\/div><div class=\"wpb_column vc_column_container vc_col-sm-4\"><div class=\"vc_column-inner\"><div class=\"wpb_wrapper\"><\/div><\/div><\/div><\/div><div class=\"vc_row wpb_row vc_row-fluid vc_custom_1571919646650 vc_column-gap-20 vc_row-o-content-top vc_row-flex\"><div class=\"wpb_column vc_column_container vc_col-sm-8\"><div class=\"vc_column-inner vc_custom_1562869783638\"><div class=\"wpb_wrapper\">\n\t<div class=\"wpb_text_column wpb_content_element  kita\" >\n\t\t<div class=\"wpb_wrapper\">\n\t\t\t<h2>Wer wir sind<\/h2>\n\n\t\t<\/div>\n\t<\/div>\n<\/div><\/div><\/div><div class=\"wpb_column vc_column_container vc_col-sm-4\"><div class=\"vc_column-inner\"><div class=\"wpb_wrapper\"><\/div><\/div><\/div><\/div><div class=\"vc_row wpb_row vc_row-fluid vc_column-gap-35 vc_row-o-equal-height vc_row-flex\"><div class=\"wpb_column vc_column_container vc_col-sm-6 vc_col-has-fill\"><div class=\"vc_column-inner vc_custom_1571918783365\"><div class=\"wpb_wrapper\">\n\t<div  class=\"wpb_single_image wpb_content_element vc_align_left\">\n\t\t\n\t\t<figure class=\"wpb_wrapper vc_figure\">\n\t\t\t<div class=\"vc_single_image-wrapper   vc_box_border_grey\"><img width=\"600\" height=\"740\" src=\"https:\/\/nobiwerk.com\/wp-content\/uploads\/2019\/10\/nobiwerk-sanne-ertbirk-1.jpg\" class=\"vc_single_image-img attachment-full\" alt=\"\" decoding=\"async\" title=\"nobiwerk-sanne-ertbirk\" loading=\"lazy\" srcset=\"https:\/\/nobiwerk.com\/wp-content\/uploads\/2019\/10\/nobiwerk-sanne-ertbirk-1.jpg 600w, https:\/\/nobiwerk.com\/wp-content\/uploads\/2019\/10\/nobiwerk-sanne-ertbirk-1-243x300.jpg 243w, https:\/\/nobiwerk.com\/wp-content\/uploads\/2019\/10\/nobiwerk-sanne-ertbirk-1-118x146.jpg 118w, https:\/\/nobiwerk.com\/wp-content\/uploads\/2019\/10\/nobiwerk-sanne-ertbirk-1-41x50.jpg 41w, https:\/\/nobiwerk.com\/wp-content\/uploads\/2019\/10\/nobiwerk-sanne-ertbirk-1-61x75.jpg 61w\" sizes=\"(max-width: 600px) 100vw, 600px\" \/><\/div>\n\t\t<\/figure>\n\t<\/div>\n\n\t<div class=\"wpb_text_column wpb_content_element  boxtitle\" >\n\t\t<div class=\"wpb_wrapper\">\n\t\t\t<h3>Sanne Ertbirk<\/h3>\n<p>Sanne kommt aus D\u00e4nemark, wo sie auch ihre Ausbildung zur Schauspielerin absolvierte. Sie zog 1995 nach Berlin und machte neben ihren Job als Schauspielerin viele Projekt in Schulen. Das gab ihr den Ansto\u00df \u00fcber Lernprozesse und die Beziehung zwischen Sch\u00fcler und Lehrer nachzudenken. Sie startete im Jahr 2012 gemeinsam mit ihrer Zwillingsschwester Gitte die Initiative eine Schule zu gr\u00fcnden. Dies war der Anfang der Deutsch-Skandinavischen Gemeinschaftsschule (DSG), die heute eine erfolgreiche Schule mit mittlerweile 250 Kindern geworden ist. Um noch mehr \u00fcber Beziehungsarbeit zu lernen, lie\u00df sie sich am Deutsch-D\u00e4nischen Institut f\u00fcr Familientherapie und Beratung (ddif) zur Familien-Therapeutin ausbilden, welches auf die Philosophie und Haltung von Walter Kempler und Jesper Juul aufbaut. Ihre Ausbildung zur Erzieherin absolviert sie in Berlin. Sanne arbeitet heute als Gesch\u00e4ftsf\u00fchrerin mit Claus im Nobiwerk.<\/p>\n\n\t\t<\/div>\n\t<\/div>\n<\/div><\/div><\/div><div class=\"wpb_column vc_column_container vc_col-sm-6 vc_col-has-fill\"><div class=\"vc_column-inner vc_custom_1571917873195\"><div class=\"wpb_wrapper\">\n\t<div  class=\"wpb_single_image wpb_content_element vc_align_left\">\n\t\t\n\t\t<figure class=\"wpb_wrapper vc_figure\">\n\t\t\t<div class=\"vc_single_image-wrapper   vc_box_border_grey\"><img width=\"600\" height=\"740\" src=\"https:\/\/nobiwerk.com\/wp-content\/uploads\/2019\/10\/nobiwerk-claus-meusel.jpg\" class=\"vc_single_image-img attachment-full\" alt=\"\" decoding=\"async\" title=\"nobiwerk-claus-meusel\" loading=\"lazy\" srcset=\"https:\/\/nobiwerk.com\/wp-content\/uploads\/2019\/10\/nobiwerk-claus-meusel.jpg 600w, https:\/\/nobiwerk.com\/wp-content\/uploads\/2019\/10\/nobiwerk-claus-meusel-243x300.jpg 243w, https:\/\/nobiwerk.com\/wp-content\/uploads\/2019\/10\/nobiwerk-claus-meusel-118x146.jpg 118w, https:\/\/nobiwerk.com\/wp-content\/uploads\/2019\/10\/nobiwerk-claus-meusel-41x50.jpg 41w, https:\/\/nobiwerk.com\/wp-content\/uploads\/2019\/10\/nobiwerk-claus-meusel-61x75.jpg 61w\" sizes=\"(max-width: 600px) 100vw, 600px\" \/><\/div>\n\t\t<\/figure>\n\t<\/div>\n\n\t<div class=\"wpb_text_column wpb_content_element  boxtitle\" >\n\t\t<div class=\"wpb_wrapper\">\n\t\t\t<h3>Claus Meusel<\/h3>\n<p>Claus kommt aus Deutschland. Er machte eine Tischlerausbildung und danach studierte er Architektur. Nach vielen Jahren in der freien Wirtschaft stieg er in das DSG-Projekt ein. Heute k\u00f6nnen wir uns das Nobiwerk nicht ohne einen eigenen Architekten vorstellen. Claus spielt eine zentrale Rolle in unserer Projekt-Entwicklung und arbeitet in der Verwaltung als einer der beiden Gesch\u00e4ftsf\u00fchrer.<\/p>\n\n\t\t<\/div>\n\t<\/div>\n<\/div><\/div><\/div><\/div><div class=\"vc_row wpb_row vc_row-fluid vc_custom_1562879492826 vc_column-gap-35 vc_row-o-equal-height vc_row-flex\"><div class=\"wpb_column vc_column_container vc_col-sm-6 vc_col-has-fill\"><div class=\"vc_column-inner vc_custom_1571918800394\"><div class=\"wpb_wrapper\">\n\t<div  class=\"wpb_single_image wpb_content_element vc_align_left\">\n\t\t\n\t\t<figure class=\"wpb_wrapper vc_figure\">\n\t\t\t<div class=\"vc_single_image-wrapper   vc_box_border_grey\"><img width=\"600\" height=\"740\" src=\"https:\/\/nobiwerk.com\/wp-content\/uploads\/2019\/10\/nobiwerk-berit-seemann.jpg\" class=\"vc_single_image-img attachment-full\" alt=\"\" decoding=\"async\" title=\"nobiwerk-berit-seemann\" loading=\"lazy\" srcset=\"https:\/\/nobiwerk.com\/wp-content\/uploads\/2019\/10\/nobiwerk-berit-seemann.jpg 600w, https:\/\/nobiwerk.com\/wp-content\/uploads\/2019\/10\/nobiwerk-berit-seemann-243x300.jpg 243w, https:\/\/nobiwerk.com\/wp-content\/uploads\/2019\/10\/nobiwerk-berit-seemann-118x146.jpg 118w, https:\/\/nobiwerk.com\/wp-content\/uploads\/2019\/10\/nobiwerk-berit-seemann-41x50.jpg 41w, https:\/\/nobiwerk.com\/wp-content\/uploads\/2019\/10\/nobiwerk-berit-seemann-61x75.jpg 61w\" sizes=\"(max-width: 600px) 100vw, 600px\" \/><\/div>\n\t\t<\/figure>\n\t<\/div>\n\n\t<div class=\"wpb_text_column wpb_content_element  boxtitle\" >\n\t\t<div class=\"wpb_wrapper\">\n\t\t\t<h3>Berit Seemann<\/h3>\n<p>Berit kommt aus Norwegen und ist urspr\u00fcnglich Bergf\u00fchrerin und Outdoorp\u00e4dagogin. Ein besonderes Bewusstsein f\u00fcr die Bedeutung des nat\u00fcrlichen Lebensraums f\u00fcr Kinder bekam sie in einer Naturkita und auf Bergtouren mit Jugendlichen. In Potsdam hat sie ihr Studium in Sportwissenschaften f\u00fcr Rehabilitation und Pr\u00e4vention unter anderem mit den Schwerpunkten Gesundheitsf\u00f6rderung durch Bewegung in der Schule und in der Kita sowie Behindertensport, abgeschlossen. 2012 war sie eine der sechs Gr\u00fcnderInnen der deutsch skandinavischen Gemeinschaftsschule in Berlin. Durch die Ausbildung \u201eEmpathie und Beziehungskompetenz \u201c bei Helle Jensen sowie die Familientherapieausbildung von ddif taucht sie tiefer in die Beziehungsarbeit ein, die wir als tragende Haltung in unserer t\u00e4glichen Arbeit sehen.<\/p>\n\n\t\t<\/div>\n\t<\/div>\n<\/div><\/div><\/div><div class=\"wpb_column vc_column_container vc_col-sm-6 vc_col-has-fill\"><div class=\"vc_column-inner vc_custom_1571917886080\"><div class=\"wpb_wrapper\">\n\t<div  class=\"wpb_single_image wpb_content_element vc_align_left\">\n\t\t\n\t\t<figure class=\"wpb_wrapper vc_figure\">\n\t\t\t<div class=\"vc_single_image-wrapper   vc_box_border_grey\"><img width=\"600\" height=\"740\" src=\"https:\/\/nobiwerk.com\/wp-content\/uploads\/2019\/10\/nobiwerk-marten-ricevuto-hansen.jpg\" class=\"vc_single_image-img attachment-full\" alt=\"\" decoding=\"async\" title=\"nobiwerk-marten-ricevuto-hansen\" loading=\"lazy\" srcset=\"https:\/\/nobiwerk.com\/wp-content\/uploads\/2019\/10\/nobiwerk-marten-ricevuto-hansen.jpg 600w, https:\/\/nobiwerk.com\/wp-content\/uploads\/2019\/10\/nobiwerk-marten-ricevuto-hansen-243x300.jpg 243w, https:\/\/nobiwerk.com\/wp-content\/uploads\/2019\/10\/nobiwerk-marten-ricevuto-hansen-118x146.jpg 118w, https:\/\/nobiwerk.com\/wp-content\/uploads\/2019\/10\/nobiwerk-marten-ricevuto-hansen-41x50.jpg 41w, https:\/\/nobiwerk.com\/wp-content\/uploads\/2019\/10\/nobiwerk-marten-ricevuto-hansen-61x75.jpg 61w\" sizes=\"(max-width: 600px) 100vw, 600px\" \/><\/div>\n\t\t<\/figure>\n\t<\/div>\n\n\t<div class=\"wpb_text_column wpb_content_element  boxtitle\" >\n\t\t<div class=\"wpb_wrapper\">\n\t\t\t<h3>Morten Ricevuto-Hansen<\/h3>\n<p>Morten kommt aus D\u00e4nemark. Er hat sich zum Lehrer ausbilden lassen und die Weiterbildung zum Integrationsp\u00e4dagogen gemacht. Morten kam 2012 von D\u00e4nemark nach Berlin, um mitzuwirken beim Aufbau der DSG. Er wurde stellvertretender Schulleiter, um die Schule erfolgreich auf den Weg zu bringen. Als dies geschafft war, kehrte er 2016 zur\u00fcck nach D\u00e4nemark. Dort ist Morten f\u00fcr uns der enge Kontakt zum skandinavischen Alltag und zur Bildungslandschaft.<\/p>\n\n\t\t<\/div>\n\t<\/div>\n<\/div><\/div><\/div><\/div><div data-vc-full-width=\"true\" data-vc-full-width-init=\"false\" class=\"vc_row wpb_row vc_row-fluid vc_custom_1571919609359 vc_row-has-fill\"><div class=\"wpb_column vc_column_container vc_col-sm-12\"><div class=\"vc_column-inner\"><div class=\"wpb_wrapper\">\n\t<div class=\"wpb_text_column wpb_content_element\" >\n\t\t<div class=\"wpb_wrapper\">\n\t\t\t<h2 style=\"text-align: center;\"><span style=\"color: #116d70;\">Gerne beraten wir dich pers\u00f6nlich!<\/span><\/h2>\n\n\t\t<\/div>\n\t<\/div>\n<\/div><\/div><\/div><\/div><div class=\"vc_row-full-width vc_clearfix\"><\/div>","protected":false},"excerpt":{"rendered":"Wir leben Beziehung statt Erziehung Haltung &amp; Werte Die Begleitung von Kindern erfordert Empathie, Wertsch\u00e4tzung und Anerkennung. Dabei ist die pers\u00f6nliche und authentische Beziehung unser Fundament,<span class=\"excerpt-hellip\"> [\u2026]<\/span>","protected":false},"author":1,"featured_media":0,"parent":0,"menu_order":0,"comment_status":"closed","ping_status":"closed","template":"","meta":{"footnotes":""},"yoast_head":"<!-- This site is optimized with the Yoast SEO plugin v22.0 - https:\/\/yoast.com\/wordpress\/plugins\/seo\/ -->\n<title>\u00dcBER UNS - Svenske, Danske og Norske barnehager i Berlin<\/title>\n<meta name=\"robots\" content=\"index, follow, max-snippet:-1, max-image-preview:large, max-video-preview:-1\" \/>\n<link rel=\"canonical\" href=\"https:\/\/nobiwerk.com\/de\/ueber-uns\/\" \/>\n<meta property=\"og:locale\" content=\"de_DE\" \/>\n<meta property=\"og:type\" content=\"article\" \/>\n<meta property=\"og:title\" content=\"\u00dcBER UNS - Svenske, Danske og Norske barnehager i Berlin\" \/>\n<meta property=\"og:url\" content=\"https:\/\/nobiwerk.com\/de\/ueber-uns\/\" \/>\n<meta property=\"og:site_name\" content=\"nobiwerk\" \/>\n<meta property=\"article:publisher\" content=\"https:\/\/www.facebook.com\/nobiwerk\" \/>\n<meta property=\"article:modified_time\" content=\"2022-04-21T12:08:46+00:00\" \/>\n<meta property=\"og:image\" content=\"https:\/\/nobiwerk.com\/wp-content\/uploads\/2019\/11\/nobiwerk-windows-touch-icon-310.png\" \/>\n\t<meta property=\"og:image:width\" content=\"310\" \/>\n\t<meta property=\"og:image:height\" content=\"310\" \/>\n\t<meta property=\"og:image:type\" content=\"image\/png\" \/>\n<meta name=\"twitter:card\" content=\"summary_large_image\" \/>\n<meta name=\"twitter:label1\" content=\"Gesch\u00e4tzte Lesezeit\" \/>\n\t<meta name=\"twitter:data1\" content=\"4\u00a0Minuten\" \/>\n<script type=\"application\/ld+json\" class=\"yoast-schema-graph\">{\"@context\":\"https:\/\/schema.org\",\"@graph\":[{\"@type\":\"WebPage\",\"@id\":\"https:\/\/nobiwerk.com\/ueber-uns\",\"url\":\"https:\/\/nobiwerk.com\/ueber-uns\",\"name\":\"\u00dcBER UNS - Svenske, Danske og Norske barnehager i Berlin\",\"isPartOf\":{\"@id\":\"https:\/\/nobiwerk.com\/#website\"},\"datePublished\":\"2019-07-11T13:24:50+00:00\",\"dateModified\":\"2022-04-21T12:08:46+00:00\",\"breadcrumb\":{\"@id\":\"https:\/\/nobiwerk.com\/ueber-uns#breadcrumb\"},\"inLanguage\":\"de\",\"potentialAction\":[{\"@type\":\"ReadAction\",\"target\":[\"https:\/\/nobiwerk.com\/ueber-uns\"]}]},{\"@type\":\"BreadcrumbList\",\"@id\":\"https:\/\/nobiwerk.com\/ueber-uns#breadcrumb\",\"itemListElement\":[{\"@type\":\"ListItem\",\"position\":1,\"name\":\"Startseite\",\"item\":\"https:\/\/nobiwerk.com\/\"},{\"@type\":\"ListItem\",\"position\":2,\"name\":\"\u00dcBER UNS\"}]},{\"@type\":\"WebSite\",\"@id\":\"https:\/\/nobiwerk.com\/#website\",\"url\":\"https:\/\/nobiwerk.com\/\",\"name\":\"nobiwerk\",\"description\":\"Svenske, Danske og Norske barnehager i Berlin\",\"publisher\":{\"@id\":\"https:\/\/nobiwerk.com\/#organization\"},\"potentialAction\":[{\"@type\":\"SearchAction\",\"target\":{\"@type\":\"EntryPoint\",\"urlTemplate\":\"https:\/\/nobiwerk.com\/?s={search_term_string}\"},\"query-input\":\"required name=search_term_string\"}],\"inLanguage\":\"de\"},{\"@type\":\"Organization\",\"@id\":\"https:\/\/nobiwerk.com\/#organization\",\"name\":\"nobiwerk\",\"url\":\"https:\/\/nobiwerk.com\/\",\"logo\":{\"@type\":\"ImageObject\",\"inLanguage\":\"de\",\"@id\":\"https:\/\/nobiwerk.com\/#\/schema\/logo\/image\/\",\"url\":\"https:\/\/nobiwerk.com\/wp-content\/uploads\/2019\/11\/nobiwerk-windows-touch-icon-310.png\",\"contentUrl\":\"https:\/\/nobiwerk.com\/wp-content\/uploads\/2019\/11\/nobiwerk-windows-touch-icon-310.png\",\"width\":310,\"height\":310,\"caption\":\"nobiwerk\"},\"image\":{\"@id\":\"https:\/\/nobiwerk.com\/#\/schema\/logo\/image\/\"},\"sameAs\":[\"https:\/\/www.facebook.com\/nobiwerk\"]}]}<\/script>\n<!-- \/ Yoast SEO plugin. -->","yoast_head_json":{"title":"\u00dcBER UNS - Svenske, Danske og Norske barnehager i Berlin","robots":{"index":"index","follow":"follow","max-snippet":"max-snippet:-1","max-image-preview":"max-image-preview:large","max-video-preview":"max-video-preview:-1"},"canonical":"https:\/\/nobiwerk.com\/de\/ueber-uns\/","og_locale":"de_DE","og_type":"article","og_title":"\u00dcBER UNS - Svenske, Danske og Norske barnehager i Berlin","og_url":"https:\/\/nobiwerk.com\/de\/ueber-uns\/","og_site_name":"nobiwerk","article_publisher":"https:\/\/www.facebook.com\/nobiwerk","article_modified_time":"2022-04-21T12:08:46+00:00","og_image":[{"width":310,"height":310,"url":"https:\/\/nobiwerk.com\/wp-content\/uploads\/2019\/11\/nobiwerk-windows-touch-icon-310.png","type":"image\/png"}],"twitter_card":"summary_large_image","twitter_misc":{"Gesch\u00e4tzte Lesezeit":"4\u00a0Minuten"},"schema":{"@context":"https:\/\/schema.org","@graph":[{"@type":"WebPage","@id":"https:\/\/nobiwerk.com\/ueber-uns","url":"https:\/\/nobiwerk.com\/ueber-uns","name":"\u00dcBER UNS - Svenske, Danske og Norske barnehager i Berlin","isPartOf":{"@id":"https:\/\/nobiwerk.com\/#website"},"datePublished":"2019-07-11T13:24:50+00:00","dateModified":"2022-04-21T12:08:46+00:00","breadcrumb":{"@id":"https:\/\/nobiwerk.com\/ueber-uns#breadcrumb"},"inLanguage":"de","potentialAction":[{"@type":"ReadAction","target":["https:\/\/nobiwerk.com\/ueber-uns"]}]},{"@type":"BreadcrumbList","@id":"https:\/\/nobiwerk.com\/ueber-uns#breadcrumb","itemListElement":[{"@type":"ListItem","position":1,"name":"Startseite","item":"https:\/\/nobiwerk.com\/"},{"@type":"ListItem","position":2,"name":"\u00dcBER UNS"}]},{"@type":"WebSite","@id":"https:\/\/nobiwerk.com\/#website","url":"https:\/\/nobiwerk.com\/","name":"nobiwerk","description":"Svenske, Danske og Norske barnehager i Berlin","publisher":{"@id":"https:\/\/nobiwerk.com\/#organization"},"potentialAction":[{"@type":"SearchAction","target":{"@type":"EntryPoint","urlTemplate":"https:\/\/nobiwerk.com\/?s={search_term_string}"},"query-input":"required name=search_term_string"}],"inLanguage":"de"},{"@type":"Organization","@id":"https:\/\/nobiwerk.com\/#organization","name":"nobiwerk","url":"https:\/\/nobiwerk.com\/","logo":{"@type":"ImageObject","inLanguage":"de","@id":"https:\/\/nobiwerk.com\/#\/schema\/logo\/image\/","url":"https:\/\/nobiwerk.com\/wp-content\/uploads\/2019\/11\/nobiwerk-windows-touch-icon-310.png","contentUrl":"https:\/\/nobiwerk.com\/wp-content\/uploads\/2019\/11\/nobiwerk-windows-touch-icon-310.png","width":310,"height":310,"caption":"nobiwerk"},"image":{"@id":"https:\/\/nobiwerk.com\/#\/schema\/logo\/image\/"},"sameAs":["https:\/\/www.facebook.com\/nobiwerk"]}]}},"_links":{"self":[{"href":"https:\/\/nobiwerk.com\/de\/wp-json\/wp\/v2\/pages\/18"}],"collection":[{"href":"https:\/\/nobiwerk.com\/de\/wp-json\/wp\/v2\/pages"}],"about":[{"href":"https:\/\/nobiwerk.com\/de\/wp-json\/wp\/v2\/types\/page"}],"author":[{"embeddable":true,"href":"https:\/\/nobiwerk.com\/de\/wp-json\/wp\/v2\/users\/1"}],"replies":[{"embeddable":true,"href":"https:\/\/nobiwerk.com\/de\/wp-json\/wp\/v2\/comments?post=18"}],"version-history":[{"count":88,"href":"https:\/\/nobiwerk.com\/de\/wp-json\/wp\/v2\/pages\/18\/revisions"}],"predecessor-version":[{"id":1468,"href":"https:\/\/nobiwerk.com\/de\/wp-json\/wp\/v2\/pages\/18\/revisions\/1468"}],"wp:attachment":[{"href":"https:\/\/nobiwerk.com\/de\/wp-json\/wp\/v2\/media?parent=18"}],"curies":[{"name":"wp","href":"https:\/\/api.w.org\/{rel}","templated":true}]}}