{"id":22,"date":"2019-07-11T13:35:52","date_gmt":"2019-07-11T13:35:52","guid":{"rendered":"http:\/\/nobiwerk.com\/?page_id=22"},"modified":"2020-10-11T10:02:42","modified_gmt":"2020-10-11T10:02:42","slug":"frisk-liv","status":"publish","type":"page","link":"https:\/\/nobiwerk.com\/de\/frisk-liv","title":{"rendered":"FRISK LIV \/ GUT LEBEN"},"content":{"rendered":"<div class=\"vc_row wpb_row vc_row-fluid vc_custom_1571993017457\"><div class=\"wpb_column vc_column_container vc_col-sm-12\"><div class=\"vc_column-inner\"><div class=\"wpb_wrapper\"><h1 style=\"text-align: left\" class=\"vc_custom_heading friskliv vc_custom_1571993151168\" >Frisk liv<\/h1><h1 style=\"color: #7cb7b5;text-align: left\" class=\"vc_custom_heading friskliv vc_custom_1571993127817\" >Ein gutes Leben leben<\/h1><\/div><\/div><\/div><\/div><div class=\"vc_row wpb_row vc_row-fluid vc_custom_1571923915168\"><div class=\"wpb_column vc_column_container vc_col-sm-6\"><div class=\"vc_column-inner\"><div class=\"wpb_wrapper\">\n\t<div class=\"wpb_text_column wpb_content_element\" >\n\t\t<div class=\"wpb_wrapper\">\n\t\t\t<p>Frisk liv bedeutet \u2013 gesundes Leben. Wir wollen Kurse und pers\u00f6nliche Begleitungen bieten, die unterst\u00fctzend sein k\u00f6nnen auf dem Weg zu einem guten Gleichgewicht im Leben mit der Familie. So bauen wir auf drei wichtige S\u00e4ulen: Familienberatungen, K\u00f6rperarbeit und Ern\u00e4hrung.<\/p>\n<p>Der Leitsatz unsere Arbeit &#8211; \u201eBeziehung statt Erziehung\u201c ist uns sehr wichtig. Begleitung von Kindern mit Empathie, Wertsch\u00e4tzung und Anerkennung sowie eine pers\u00f6nliche und authentische Beziehung zu einander als Fundament, ist der Kern unsere Arbeit.<\/p>\n\n\t\t<\/div>\n\t<\/div>\n<\/div><\/div><\/div><div class=\"wpb_column vc_column_container vc_col-sm-6\"><div class=\"vc_column-inner\"><div class=\"wpb_wrapper\">\n\t<div class=\"wpb_text_column wpb_content_element\" >\n\t\t<div class=\"wpb_wrapper\">\n\t\t\t<p>Um diesen Weg gehen zu k\u00f6nnen, brauchen wir alle Begleitung, Dialog und intensive Auseinandersetzungen mit uns selbst. Wir m\u00f6chten eine Kultur der Dialoge pflegen, um gut miteinander umzugehen. Dies bedeutet auch umsichtig mit der eigenen Gesundheit zu sein und wachsam dar\u00fcber zu werden, wie es uns geht.<\/p>\n<p>Die Nobiwerkr\u00e4ume in der Feurigstra\u00dfe 62 sind Sammelpunkt f\u00fcr vielf\u00e4ltige Begegnungen, Fortbildungen und Kurse. Wir m\u00f6chten, dass dies ein Ort wird, an dem Gesundheit und Entwicklung f\u00fcr Mitarbeiter und Familien stattfinden kann. Aber auch in den Kitas selbst gibt es Angebote an Eltern, Mitarbeiter und nat\u00fcrlich an die Kinder selbst.<\/p>\n\n\t\t<\/div>\n\t<\/div>\n<\/div><\/div><\/div><\/div><div class=\"vc_row wpb_row vc_row-fluid vc_custom_1571993024496\"><div class=\"wpb_column vc_column_container vc_col-sm-4\"><div class=\"vc_column-inner\"><div class=\"wpb_wrapper\"><\/div><\/div><\/div><div class=\"wpb_column vc_column_container vc_col-sm-8 vc_hidden-xs\"><div class=\"vc_column-inner\"><div class=\"wpb_wrapper\"><h2 style=\"color: #97c9c9;text-align: right\" class=\"vc_custom_heading kitaslogan\" >Deine Ressourcen bestimmen deine M\u00f6glichkeiten<\/h2><\/div><\/div><\/div><\/div><div class=\"vc_row wpb_row vc_row-fluid vc_custom_1563051960449 vc_column-gap-20 vc_row-o-equal-height vc_row-o-content-top vc_row-flex\"><div class=\"wpb_column vc_column_container vc_col-sm-3 vc_col-has-fill\"><div class=\"vc_column-inner vc_custom_1571993387677\"><div class=\"wpb_wrapper\">\n\t<div  class=\"wpb_single_image wpb_content_element vc_align_left\">\n\t\t\n\t\t<figure class=\"wpb_wrapper vc_figure\">\n\t\t\t<div class=\"vc_single_image-wrapper   vc_box_border_grey\"><img width=\"600\" height=\"740\" src=\"https:\/\/nobiwerk.com\/wp-content\/uploads\/2019\/10\/nobiwerk-sanne-ertbirk-1.jpg\" class=\"vc_single_image-img attachment-full\" alt=\"\" decoding=\"async\" title=\"nobiwerk-sanne-ertbirk\" loading=\"lazy\" srcset=\"https:\/\/nobiwerk.com\/wp-content\/uploads\/2019\/10\/nobiwerk-sanne-ertbirk-1.jpg 600w, https:\/\/nobiwerk.com\/wp-content\/uploads\/2019\/10\/nobiwerk-sanne-ertbirk-1-243x300.jpg 243w, https:\/\/nobiwerk.com\/wp-content\/uploads\/2019\/10\/nobiwerk-sanne-ertbirk-1-118x146.jpg 118w, https:\/\/nobiwerk.com\/wp-content\/uploads\/2019\/10\/nobiwerk-sanne-ertbirk-1-41x50.jpg 41w, https:\/\/nobiwerk.com\/wp-content\/uploads\/2019\/10\/nobiwerk-sanne-ertbirk-1-61x75.jpg 61w\" sizes=\"(max-width: 600px) 100vw, 600px\" \/><\/div>\n\t\t<\/figure>\n\t<\/div>\n\n\t<div class=\"wpb_text_column wpb_content_element\" >\n\t\t<div class=\"wpb_wrapper\">\n\t\t\t<h3>Familienberatung<\/h3>\n<p>In jeder unserer Einrichtungen steht einmal im Monat eine Familienberatung f\u00fcr unsere Eltern zu Verf\u00fcgung. Ein Kind in einer Kita gut zu begleiten hei\u00dft f\u00fcr uns nicht nur in einer engen Beziehung zu dem Kind zu stehen, sondern auch in einer engen und guten Zusammenarbeit mit den Eltern.<\/p>\n\n\t\t<\/div>\n\t<\/div>\n<div class=\"vc_btn3-container vc_btn3-inline\" ><a class=\"vc_general vc_btn3 vc_btn3-size-md vc_btn3-shape-square vc_btn3-style-3d vc_btn3-color-sandy-brown\" href=\"https:\/\/nobiwerk.com\/de\/frisk-liv\/familienberatung\/\" title=\"\">mehr lesen<\/a><\/div><\/div><\/div><\/div><div class=\"wpb_column vc_column_container vc_col-sm-3 vc_col-has-fill\"><div class=\"vc_column-inner vc_custom_1571993351820\"><div class=\"wpb_wrapper\">\n\t<div  class=\"wpb_single_image wpb_content_element vc_align_left\">\n\t\t\n\t\t<figure class=\"wpb_wrapper vc_figure\">\n\t\t\t<div class=\"vc_single_image-wrapper   vc_box_border_grey\"><img width=\"600\" height=\"740\" src=\"https:\/\/nobiwerk.com\/wp-content\/uploads\/2019\/10\/header-nobiwerk-koerperarbeit-01.jpg\" class=\"vc_single_image-img attachment-full\" alt=\"\" decoding=\"async\" title=\"header-nobiwerk-koerperarbeit-01\" loading=\"lazy\" srcset=\"https:\/\/nobiwerk.com\/wp-content\/uploads\/2019\/10\/header-nobiwerk-koerperarbeit-01.jpg 600w, https:\/\/nobiwerk.com\/wp-content\/uploads\/2019\/10\/header-nobiwerk-koerperarbeit-01-243x300.jpg 243w, https:\/\/nobiwerk.com\/wp-content\/uploads\/2019\/10\/header-nobiwerk-koerperarbeit-01-118x146.jpg 118w, https:\/\/nobiwerk.com\/wp-content\/uploads\/2019\/10\/header-nobiwerk-koerperarbeit-01-41x50.jpg 41w, https:\/\/nobiwerk.com\/wp-content\/uploads\/2019\/10\/header-nobiwerk-koerperarbeit-01-61x75.jpg 61w\" sizes=\"(max-width: 600px) 100vw, 600px\" \/><\/div>\n\t\t<\/figure>\n\t<\/div>\n\n\t<div class=\"wpb_text_column wpb_content_element\" >\n\t\t<div class=\"wpb_wrapper\">\n\t\t\t<h3>K\u00f6rperarbeit &amp; Beziehung<\/h3>\n<p>Beziehungskompetenz ist ein Konzept das mit K\u00f6rper\u00fcbungen und Dialogen arbeitet um unsere nat\u00fcrlichen F\u00e4higkeiten zu nutzen \u2013 um miteinander in einen Dialog zu sein, m\u00fcssen wir ersteinmal wissen, was wir selbst sp\u00fcren.<\/p>\n\n\t\t<\/div>\n\t<\/div>\n<div class=\"vc_btn3-container vc_btn3-inline\" ><a class=\"vc_general vc_btn3 vc_btn3-size-md vc_btn3-shape-square vc_btn3-style-3d vc_btn3-color-sandy-brown\" href=\"https:\/\/nobiwerk.com\/de\/frisk-liv\/koerperarbeit-beziehungskompetenz\/\" title=\"\">mehr lesen<\/a><\/div><\/div><\/div><\/div><div class=\"wpb_column vc_column_container vc_col-sm-3 vc_col-has-fill\"><div class=\"vc_column-inner vc_custom_1571993374487\"><div class=\"wpb_wrapper\">\n\t<div  class=\"wpb_single_image wpb_content_element vc_align_left\">\n\t\t\n\t\t<figure class=\"wpb_wrapper vc_figure\">\n\t\t\t<div class=\"vc_single_image-wrapper   vc_box_border_grey\"><img width=\"600\" height=\"740\" src=\"https:\/\/nobiwerk.com\/wp-content\/uploads\/2019\/10\/nobiwerk-berit-seemann.jpg\" class=\"vc_single_image-img attachment-full\" alt=\"\" decoding=\"async\" title=\"nobiwerk-berit-seemann\" loading=\"lazy\" srcset=\"https:\/\/nobiwerk.com\/wp-content\/uploads\/2019\/10\/nobiwerk-berit-seemann.jpg 600w, https:\/\/nobiwerk.com\/wp-content\/uploads\/2019\/10\/nobiwerk-berit-seemann-243x300.jpg 243w, https:\/\/nobiwerk.com\/wp-content\/uploads\/2019\/10\/nobiwerk-berit-seemann-118x146.jpg 118w, https:\/\/nobiwerk.com\/wp-content\/uploads\/2019\/10\/nobiwerk-berit-seemann-41x50.jpg 41w, https:\/\/nobiwerk.com\/wp-content\/uploads\/2019\/10\/nobiwerk-berit-seemann-61x75.jpg 61w\" sizes=\"(max-width: 600px) 100vw, 600px\" \/><\/div>\n\t\t<\/figure>\n\t<\/div>\n\n\t<div class=\"wpb_text_column wpb_content_element\" >\n\t\t<div class=\"wpb_wrapper\">\n\t\t\t<h3>Ern\u00e4hrung<\/h3>\n<p>Es geht beim Zubereiten von Mahlzeiten mehr: Im vielf\u00e4ltigen Zugang zum Essen sehen wir ein gesundheitsf\u00f6rderndes Konzept. Durch positive Erlebnisse und vielf\u00e4ltige Geschmacksproben wollen wir die nat\u00fcrlichen F\u00e4higkeiten f\u00f6rdern intuitiv die \u201erichtige\u201c Nahrung w\u00e4hlen zu k\u00f6nnen.<\/p>\n\n\t\t<\/div>\n\t<\/div>\n<div class=\"vc_btn3-container vc_btn3-inline\" ><a class=\"vc_general vc_btn3 vc_btn3-size-md vc_btn3-shape-square vc_btn3-style-3d vc_btn3-color-sandy-brown\" href=\"https:\/\/nobiwerk.com\/de\/frisk-liv\/ernaehrung\/\" title=\"\">mehr lesen<\/a><\/div><\/div><\/div><\/div><div class=\"wpb_column vc_column_container vc_col-sm-3 vc_col-has-fill\"><div class=\"vc_column-inner vc_custom_1602410560359\"><div class=\"wpb_wrapper\">\n\t<div  class=\"wpb_single_image wpb_content_element vc_align_left\">\n\t\t\n\t\t<figure class=\"wpb_wrapper vc_figure\">\n\t\t\t<div class=\"vc_single_image-wrapper   vc_box_border_grey\"><img width=\"598\" height=\"740\" src=\"https:\/\/nobiwerk.com\/wp-content\/uploads\/2020\/10\/header-nobiwerk-jugendarbeit-01.jpg\" class=\"vc_single_image-img attachment-full\" alt=\"nobiwerk Jugendarbeit\" decoding=\"async\" title=\"header-nobiwerk-jugendarbeit-01\" loading=\"lazy\" srcset=\"https:\/\/nobiwerk.com\/wp-content\/uploads\/2020\/10\/header-nobiwerk-jugendarbeit-01.jpg 598w, https:\/\/nobiwerk.com\/wp-content\/uploads\/2020\/10\/header-nobiwerk-jugendarbeit-01-242x300.jpg 242w, https:\/\/nobiwerk.com\/wp-content\/uploads\/2020\/10\/header-nobiwerk-jugendarbeit-01-118x146.jpg 118w, https:\/\/nobiwerk.com\/wp-content\/uploads\/2020\/10\/header-nobiwerk-jugendarbeit-01-40x50.jpg 40w, https:\/\/nobiwerk.com\/wp-content\/uploads\/2020\/10\/header-nobiwerk-jugendarbeit-01-61x75.jpg 61w\" sizes=\"(max-width: 598px) 100vw, 598px\" \/><\/div>\n\t\t<\/figure>\n\t<\/div>\n\n\t<div class=\"wpb_text_column wpb_content_element\" >\n\t\t<div class=\"wpb_wrapper\">\n\t\t\t<h3>Jugendarbeit<\/h3>\n<p>Wir arbeiten voller Freude daran, unsere Ideen f\u00fcr eine moderne Jugendarbeit in die Tat umzusetzen. Junge Menschen haben unfassbar viel Potential, welches in unserer kapitalistischen Welt viel zu wenig ernstgenommen wird. Wir m\u00f6chten den jungen Leuten dabei helfen, ihre Antworten und Vision f\u00fcr die Gestaltung unserer Gesellschaft zu formulieren und Selbstwirksamkeit zu erfahren.<\/p>\n\n\t\t<\/div>\n\t<\/div>\n<div class=\"vc_btn3-container vc_btn3-inline\" ><a class=\"vc_general vc_btn3 vc_btn3-size-md vc_btn3-shape-square vc_btn3-style-3d vc_btn3-color-sandy-brown\" href=\"https:\/\/nobiwerk.com\/de\/frisk-liv\/familienberatung\/\" title=\"\">mehr lesen<\/a><\/div><\/div><\/div><\/div><\/div>","protected":false},"excerpt":{"rendered":"Frisk livEin gutes Leben leben Frisk liv bedeutet \u2013 gesundes Leben. Wir wollen Kurse und pers\u00f6nliche Begleitungen bieten, die unterst\u00fctzend sein k\u00f6nnen auf dem Weg zu<span class=\"excerpt-hellip\"> [\u2026]<\/span>","protected":false},"author":1,"featured_media":0,"parent":0,"menu_order":0,"comment_status":"closed","ping_status":"closed","template":"","meta":{"footnotes":""},"yoast_head":"<!-- This site is optimized with the Yoast SEO plugin v22.0 - https:\/\/yoast.com\/wordpress\/plugins\/seo\/ -->\n<title>FRISK LIV \/ GUT LEBEN - Svenske, Danske og Norske barnehager i Berlin<\/title>\n<meta name=\"robots\" content=\"index, follow, max-snippet:-1, max-image-preview:large, max-video-preview:-1\" \/>\n<link rel=\"canonical\" href=\"https:\/\/nobiwerk.com\/de\/frisk-liv\/\" \/>\n<meta property=\"og:locale\" content=\"de_DE\" \/>\n<meta property=\"og:type\" content=\"article\" \/>\n<meta property=\"og:title\" content=\"FRISK LIV \/ GUT LEBEN - Svenske, Danske og Norske barnehager i Berlin\" \/>\n<meta property=\"og:url\" content=\"https:\/\/nobiwerk.com\/de\/frisk-liv\/\" \/>\n<meta property=\"og:site_name\" content=\"nobiwerk\" \/>\n<meta property=\"article:publisher\" content=\"https:\/\/www.facebook.com\/nobiwerk\" \/>\n<meta property=\"article:modified_time\" content=\"2020-10-11T10:02:42+00:00\" \/>\n<meta property=\"og:image\" content=\"https:\/\/nobiwerk.com\/wp-content\/uploads\/2019\/11\/nobiwerk-windows-touch-icon-310.png\" \/>\n\t<meta property=\"og:image:width\" content=\"310\" \/>\n\t<meta property=\"og:image:height\" content=\"310\" \/>\n\t<meta property=\"og:image:type\" content=\"image\/png\" \/>\n<meta name=\"twitter:card\" content=\"summary_large_image\" \/>\n<meta name=\"twitter:label1\" content=\"Gesch\u00e4tzte Lesezeit\" \/>\n\t<meta name=\"twitter:data1\" content=\"4\u00a0Minuten\" \/>\n<script type=\"application\/ld+json\" class=\"yoast-schema-graph\">{\"@context\":\"https:\/\/schema.org\",\"@graph\":[{\"@type\":\"WebPage\",\"@id\":\"https:\/\/nobiwerk.com\/frisk-liv\",\"url\":\"https:\/\/nobiwerk.com\/frisk-liv\",\"name\":\"FRISK LIV \/ GUT LEBEN - Svenske, Danske og Norske barnehager i Berlin\",\"isPartOf\":{\"@id\":\"https:\/\/nobiwerk.com\/#website\"},\"datePublished\":\"2019-07-11T13:35:52+00:00\",\"dateModified\":\"2020-10-11T10:02:42+00:00\",\"breadcrumb\":{\"@id\":\"https:\/\/nobiwerk.com\/frisk-liv#breadcrumb\"},\"inLanguage\":\"de\",\"potentialAction\":[{\"@type\":\"ReadAction\",\"target\":[\"https:\/\/nobiwerk.com\/frisk-liv\"]}]},{\"@type\":\"BreadcrumbList\",\"@id\":\"https:\/\/nobiwerk.com\/frisk-liv#breadcrumb\",\"itemListElement\":[{\"@type\":\"ListItem\",\"position\":1,\"name\":\"Startseite\",\"item\":\"https:\/\/nobiwerk.com\/\"},{\"@type\":\"ListItem\",\"position\":2,\"name\":\"FRISK LIV \/ GUT LEBEN\"}]},{\"@type\":\"WebSite\",\"@id\":\"https:\/\/nobiwerk.com\/#website\",\"url\":\"https:\/\/nobiwerk.com\/\",\"name\":\"nobiwerk\",\"description\":\"Svenske, Danske og Norske barnehager i Berlin\",\"publisher\":{\"@id\":\"https:\/\/nobiwerk.com\/#organization\"},\"potentialAction\":[{\"@type\":\"SearchAction\",\"target\":{\"@type\":\"EntryPoint\",\"urlTemplate\":\"https:\/\/nobiwerk.com\/?s={search_term_string}\"},\"query-input\":\"required name=search_term_string\"}],\"inLanguage\":\"de\"},{\"@type\":\"Organization\",\"@id\":\"https:\/\/nobiwerk.com\/#organization\",\"name\":\"nobiwerk\",\"url\":\"https:\/\/nobiwerk.com\/\",\"logo\":{\"@type\":\"ImageObject\",\"inLanguage\":\"de\",\"@id\":\"https:\/\/nobiwerk.com\/#\/schema\/logo\/image\/\",\"url\":\"https:\/\/nobiwerk.com\/wp-content\/uploads\/2019\/11\/nobiwerk-windows-touch-icon-310.png\",\"contentUrl\":\"https:\/\/nobiwerk.com\/wp-content\/uploads\/2019\/11\/nobiwerk-windows-touch-icon-310.png\",\"width\":310,\"height\":310,\"caption\":\"nobiwerk\"},\"image\":{\"@id\":\"https:\/\/nobiwerk.com\/#\/schema\/logo\/image\/\"},\"sameAs\":[\"https:\/\/www.facebook.com\/nobiwerk\"]}]}<\/script>\n<!-- \/ Yoast SEO plugin. -->","yoast_head_json":{"title":"FRISK LIV \/ GUT LEBEN - Svenske, Danske og Norske barnehager i Berlin","robots":{"index":"index","follow":"follow","max-snippet":"max-snippet:-1","max-image-preview":"max-image-preview:large","max-video-preview":"max-video-preview:-1"},"canonical":"https:\/\/nobiwerk.com\/de\/frisk-liv\/","og_locale":"de_DE","og_type":"article","og_title":"FRISK LIV \/ GUT LEBEN - Svenske, Danske og Norske barnehager i Berlin","og_url":"https:\/\/nobiwerk.com\/de\/frisk-liv\/","og_site_name":"nobiwerk","article_publisher":"https:\/\/www.facebook.com\/nobiwerk","article_modified_time":"2020-10-11T10:02:42+00:00","og_image":[{"width":310,"height":310,"url":"https:\/\/nobiwerk.com\/wp-content\/uploads\/2019\/11\/nobiwerk-windows-touch-icon-310.png","type":"image\/png"}],"twitter_card":"summary_large_image","twitter_misc":{"Gesch\u00e4tzte Lesezeit":"4\u00a0Minuten"},"schema":{"@context":"https:\/\/schema.org","@graph":[{"@type":"WebPage","@id":"https:\/\/nobiwerk.com\/frisk-liv","url":"https:\/\/nobiwerk.com\/frisk-liv","name":"FRISK LIV \/ GUT LEBEN - Svenske, Danske og Norske barnehager i Berlin","isPartOf":{"@id":"https:\/\/nobiwerk.com\/#website"},"datePublished":"2019-07-11T13:35:52+00:00","dateModified":"2020-10-11T10:02:42+00:00","breadcrumb":{"@id":"https:\/\/nobiwerk.com\/frisk-liv#breadcrumb"},"inLanguage":"de","potentialAction":[{"@type":"ReadAction","target":["https:\/\/nobiwerk.com\/frisk-liv"]}]},{"@type":"BreadcrumbList","@id":"https:\/\/nobiwerk.com\/frisk-liv#breadcrumb","itemListElement":[{"@type":"ListItem","position":1,"name":"Startseite","item":"https:\/\/nobiwerk.com\/"},{"@type":"ListItem","position":2,"name":"FRISK LIV \/ GUT LEBEN"}]},{"@type":"WebSite","@id":"https:\/\/nobiwerk.com\/#website","url":"https:\/\/nobiwerk.com\/","name":"nobiwerk","description":"Svenske, Danske og Norske barnehager i Berlin","publisher":{"@id":"https:\/\/nobiwerk.com\/#organization"},"potentialAction":[{"@type":"SearchAction","target":{"@type":"EntryPoint","urlTemplate":"https:\/\/nobiwerk.com\/?s={search_term_string}"},"query-input":"required name=search_term_string"}],"inLanguage":"de"},{"@type":"Organization","@id":"https:\/\/nobiwerk.com\/#organization","name":"nobiwerk","url":"https:\/\/nobiwerk.com\/","logo":{"@type":"ImageObject","inLanguage":"de","@id":"https:\/\/nobiwerk.com\/#\/schema\/logo\/image\/","url":"https:\/\/nobiwerk.com\/wp-content\/uploads\/2019\/11\/nobiwerk-windows-touch-icon-310.png","contentUrl":"https:\/\/nobiwerk.com\/wp-content\/uploads\/2019\/11\/nobiwerk-windows-touch-icon-310.png","width":310,"height":310,"caption":"nobiwerk"},"image":{"@id":"https:\/\/nobiwerk.com\/#\/schema\/logo\/image\/"},"sameAs":["https:\/\/www.facebook.com\/nobiwerk"]}]}},"_links":{"self":[{"href":"https:\/\/nobiwerk.com\/de\/wp-json\/wp\/v2\/pages\/22"}],"collection":[{"href":"https:\/\/nobiwerk.com\/de\/wp-json\/wp\/v2\/pages"}],"about":[{"href":"https:\/\/nobiwerk.com\/de\/wp-json\/wp\/v2\/types\/page"}],"author":[{"embeddable":true,"href":"https:\/\/nobiwerk.com\/de\/wp-json\/wp\/v2\/users\/1"}],"replies":[{"embeddable":true,"href":"https:\/\/nobiwerk.com\/de\/wp-json\/wp\/v2\/comments?post=22"}],"version-history":[{"count":90,"href":"https:\/\/nobiwerk.com\/de\/wp-json\/wp\/v2\/pages\/22\/revisions"}],"predecessor-version":[{"id":1621,"href":"https:\/\/nobiwerk.com\/de\/wp-json\/wp\/v2\/pages\/22\/revisions\/1621"}],"wp:attachment":[{"href":"https:\/\/nobiwerk.com\/de\/wp-json\/wp\/v2\/media?parent=22"}],"curies":[{"name":"wp","href":"https:\/\/api.w.org\/{rel}","templated":true}]}}