{"id":721,"date":"2019-10-24T15:09:03","date_gmt":"2019-10-24T15:09:03","guid":{"rendered":"http:\/\/nobiwerk.com\/?page_id=721"},"modified":"2024-04-10T06:25:03","modified_gmt":"2024-04-10T06:25:03","slug":"impressum","status":"publish","type":"page","link":"https:\/\/nobiwerk.com\/de\/impressum","title":{"rendered":"Impressum"},"content":{"rendered":"<div class=\"vc_row wpb_row vc_row-fluid vc_custom_1571919325772 vc_column-gap-20 vc_row-o-content-top vc_row-flex\"><div class=\"wpb_column vc_column_container vc_col-sm-8\"><div class=\"vc_column-inner vc_custom_1562869783638\"><div class=\"wpb_wrapper\"><h1 style=\"font-size: 37px;color: #206170;text-align: left\" class=\"vc_custom_heading vc_custom_1571929391773\" >Impressum<\/h1>\n\t<div class=\"wpb_text_column wpb_content_element\" >\n\t\t<div class=\"wpb_wrapper\">\n\t\t\t<div class=\"entry-content\">\n<div class=\"section section-single section-inside behavior-static\" data-scroll-bg=\"#f7f7f7\" data-scroll-child-target=\"&gt;.section-background-main\" data-scroll-hook=\"0\" data-scroll-offset=\"height\" data-scroll-target=\".navmenu-nav .nav-background-overlay\">\n<div class=\"container\">\n<div class=\"section-content\">\n<div class=\"vc_row vc_row-fluid\">\n<div class=\"wpb_column vc_column_container vc_col-sm-12\">\n<div class=\"vc_column-inner\">\n<div class=\"wpb_wrapper\">\n<div class=\"wpb_text_column wpb_content_element\">\n<div class=\"wpb_wrapper\">\n<div class=\"entry-content\">\n<h3>Angaben gem\u00e4\u00df \u00a7 5 TMG<\/h3>\n<p>Nordische Bildungswerkstatt UG<\/p>\n<p>Feurigstr. 62<br \/>\n10827 Berlin<\/p>\n<p>&nbsp;<\/p>\n<h3>Vertreten durch<\/h3>\n<p>Sanne Ertbirk und Claus Meusel<\/p>\n<p>&nbsp;<\/p>\n<h3>Kontakt<\/h3>\n<p>Nordische Bildungswerkstatt UG<\/p>\n<p>Feurigstr. 62<br \/>\n10827 Berlin<\/p>\n<p>+49 (0)30 6287 1248<\/p>\n<p>info@nobiwerk.com<\/p>\n<h3>Register<\/h3>\n<p>Registergericht<br \/>\nAmtsgericht Charlottenburg, Berlin<br \/>\nHRB 148292 B<\/p>\n<p>&nbsp;<\/p>\n<h3>Verantwortlich f\u00fcr den Inhalt nach \u00a7 55 Abs. 2 RStV<\/h3>\n<p>Sanne Ertbirk und Claus Meusel<\/p>\n<p>Nordische Bildungswerkstatt UG<\/p>\n<p>Feurigstr. 62<br \/>\n10827 Berlin<\/p>\n<p>&nbsp;<\/p>\n<hr \/>\n<p>&nbsp;<\/p>\n<h3>Fotografie<\/h3>\n<p>\u00a9 Dido<\/p>\n<p>&nbsp;<\/p>\n<h3>Webdesign<\/h3>\n<p>REBAN | Rea Naber | reanaber.de<\/p>\n<p>&nbsp;<\/p>\n<h3>Copyright by Nordische Bildungswerkstatt UG<br \/>\nAlle Rechte vorbehalten. All rights reserved.<\/h3>\n<p>&nbsp;<\/p>\n<\/div>\n<hr \/>\n<p>&nbsp;<\/p>\n<h3 class=\"entry-content\">Haftungsausschluss (Disclaimer)<\/h3>\n<h4>Haftung f\u00fcr Inhalte<\/h4>\n<p class=\"entry-content\">Als Diensteanbieter sind wir gem\u00e4\u00df \u00a7 7 Abs.1 TMG f\u00fcr eigene Inhalte auf diesen Seiten nach den allgemeinen Gesetzen verantwortlich. Nach \u00a7\u00a7 8 bis 10 TMG sind wir als Diensteanbieter jedoch nicht verpflichtet, \u00fcbermittelte oder gespeicherte fremde Informationen zu \u00fcberwachen oder nach Umst\u00e4nden zu forschen, die auf eine rechtswidrige T\u00e4tigkeit hinweisen.<br \/>\nVerpflichtungen zur Entfernung oder Sperrung der Nutzung von Informationen nach den allgemeinen Gesetzen bleiben hiervon unber\u00fchrt. Eine diesbez\u00fcgliche Haftung ist jedoch erst ab dem Zeitpunkt der Kenntnis einer konkreten Rechtsverletzung m\u00f6glich. Bei Bekanntwerden von entsprechenden Rechtsverletzungen werden wir diese Inhalte umgehend entfernen.<\/p>\n<h4>Haftung f\u00fcr Links<\/h4>\n<p>Unser Angebot enth\u00e4lt Links zu externen Webseiten Dritter, auf deren Inhalte wir keinen Einfluss haben. Deshalb k\u00f6nnen wir f\u00fcr diese fremden Inhalte auch keine Gew\u00e4hr \u00fcbernehmen. F\u00fcr die Inhalte der verlinkten Seiten ist stets der jeweilige Anbieter oder Betreiber der Seiten verantwortlich. Die verlinkten Seiten wurden zum Zeitpunkt der Verlinkung auf m\u00f6gliche Rechtsverst\u00f6\u00dfe \u00fcberpr\u00fcft. Rechtswidrige Inhalte waren zum Zeitpunkt der Verlinkung nicht erkennbar. Eine permanente inhaltliche Kontrolle der verlinkten Seiten ist jedoch ohne konkrete Anhaltspunkte einer Rechtsverletzung nicht zumutbar. Bei Bekanntwerden von Rechtsverletzungen werden wir derartige Links umgehend entfernen.<\/p>\n<h4>Urheberrecht<\/h4>\n<p>Die durch die Seitenbetreiber erstellten Inhalte und Werke auf diesen Seiten unterliegen dem deutschen Urheberrecht. Die Vervielf\u00e4ltigung, Bearbeitung, Verbreitung und jede Art der Verwertung au\u00dferhalb der Grenzen des Urheberrechtes bed\u00fcrfen der schriftlichen Zustimmung des jeweiligen Autors bzw. Erstellers. Downloads und Kopien dieser Seite sind nur f\u00fcr den privaten, nicht kommerziellen Gebrauch gestattet. Soweit die Inhalte auf dieser Seite nicht vom Betreiber erstellt wurden, werden die Urheberrechte Dritter beachtet. Insbesondere werden Inhalte Dritter als solche gekennzeichnet. Sollten Sie trotzdem auf eine Urheberrechtsverletzung aufmerksam werden, bitten wir um einen entsprechenden Hinweis. Bei Bekanntwerden<br \/>\nvon Rechtsverletzungen werden wir derartige Inhalte umgehend entfernen.<\/p>\n<\/div>\n<\/div>\n<\/div>\n<\/div>\n<\/div>\n<\/div>\n<\/div>\n<\/div>\n<\/div>\n<\/div>\n\n\t\t<\/div>\n\t<\/div>\n<\/div><\/div><\/div><div class=\"wpb_column vc_column_container vc_col-sm-4\"><div class=\"vc_column-inner\"><div class=\"wpb_wrapper\"><\/div><\/div><\/div><\/div>","protected":false},"excerpt":{"rendered":"Impressum Angaben gem\u00e4\u00df \u00a7 5 TMG Nordische Bildungswerkstatt UG Feurigstr. 62 10827 Berlin &nbsp; Vertreten durch Sanne Ertbirk und Claus Meusel &nbsp; Kontakt Nordische Bildungswerkstatt UG<span class=\"excerpt-hellip\"> [\u2026]<\/span>","protected":false},"author":1,"featured_media":0,"parent":0,"menu_order":0,"comment_status":"closed","ping_status":"closed","template":"","meta":{"footnotes":""},"yoast_head":"<!-- This site is optimized with the Yoast SEO plugin v22.0 - https:\/\/yoast.com\/wordpress\/plugins\/seo\/ -->\n<title>Impressum - Svenske, Danske og Norske barnehager i Berlin<\/title>\n<meta name=\"robots\" content=\"index, follow, max-snippet:-1, max-image-preview:large, max-video-preview:-1\" \/>\n<link rel=\"canonical\" href=\"https:\/\/nobiwerk.com\/de\/impressum\/\" \/>\n<meta property=\"og:locale\" content=\"de_DE\" \/>\n<meta property=\"og:type\" content=\"article\" \/>\n<meta property=\"og:title\" content=\"Impressum - Svenske, Danske og Norske barnehager i Berlin\" \/>\n<meta property=\"og:url\" content=\"https:\/\/nobiwerk.com\/de\/impressum\/\" \/>\n<meta property=\"og:site_name\" content=\"nobiwerk\" \/>\n<meta property=\"article:publisher\" content=\"https:\/\/www.facebook.com\/nobiwerk\" \/>\n<meta property=\"article:modified_time\" content=\"2024-04-10T06:25:03+00:00\" \/>\n<meta property=\"og:image\" content=\"https:\/\/nobiwerk.com\/wp-content\/uploads\/2019\/11\/nobiwerk-windows-touch-icon-310.png\" \/>\n\t<meta property=\"og:image:width\" content=\"310\" \/>\n\t<meta property=\"og:image:height\" content=\"310\" \/>\n\t<meta property=\"og:image:type\" content=\"image\/png\" \/>\n<meta name=\"twitter:card\" content=\"summary_large_image\" \/>\n<meta name=\"twitter:label1\" content=\"Gesch\u00e4tzte Lesezeit\" \/>\n\t<meta name=\"twitter:data1\" content=\"3\u00a0Minuten\" \/>\n<script type=\"application\/ld+json\" class=\"yoast-schema-graph\">{\"@context\":\"https:\/\/schema.org\",\"@graph\":[{\"@type\":\"WebPage\",\"@id\":\"https:\/\/nobiwerk.com\/impressum\",\"url\":\"https:\/\/nobiwerk.com\/impressum\",\"name\":\"Impressum - Svenske, Danske og Norske barnehager i Berlin\",\"isPartOf\":{\"@id\":\"https:\/\/nobiwerk.com\/#website\"},\"datePublished\":\"2019-10-24T15:09:03+00:00\",\"dateModified\":\"2024-04-10T06:25:03+00:00\",\"breadcrumb\":{\"@id\":\"https:\/\/nobiwerk.com\/impressum#breadcrumb\"},\"inLanguage\":\"de\",\"potentialAction\":[{\"@type\":\"ReadAction\",\"target\":[\"https:\/\/nobiwerk.com\/impressum\"]}]},{\"@type\":\"BreadcrumbList\",\"@id\":\"https:\/\/nobiwerk.com\/impressum#breadcrumb\",\"itemListElement\":[{\"@type\":\"ListItem\",\"position\":1,\"name\":\"Startseite\",\"item\":\"https:\/\/nobiwerk.com\/\"},{\"@type\":\"ListItem\",\"position\":2,\"name\":\"Impressum\"}]},{\"@type\":\"WebSite\",\"@id\":\"https:\/\/nobiwerk.com\/#website\",\"url\":\"https:\/\/nobiwerk.com\/\",\"name\":\"nobiwerk\",\"description\":\"Svenske, Danske og Norske barnehager i Berlin\",\"publisher\":{\"@id\":\"https:\/\/nobiwerk.com\/#organization\"},\"potentialAction\":[{\"@type\":\"SearchAction\",\"target\":{\"@type\":\"EntryPoint\",\"urlTemplate\":\"https:\/\/nobiwerk.com\/?s={search_term_string}\"},\"query-input\":\"required name=search_term_string\"}],\"inLanguage\":\"de\"},{\"@type\":\"Organization\",\"@id\":\"https:\/\/nobiwerk.com\/#organization\",\"name\":\"nobiwerk\",\"url\":\"https:\/\/nobiwerk.com\/\",\"logo\":{\"@type\":\"ImageObject\",\"inLanguage\":\"de\",\"@id\":\"https:\/\/nobiwerk.com\/#\/schema\/logo\/image\/\",\"url\":\"https:\/\/nobiwerk.com\/wp-content\/uploads\/2019\/11\/nobiwerk-windows-touch-icon-310.png\",\"contentUrl\":\"https:\/\/nobiwerk.com\/wp-content\/uploads\/2019\/11\/nobiwerk-windows-touch-icon-310.png\",\"width\":310,\"height\":310,\"caption\":\"nobiwerk\"},\"image\":{\"@id\":\"https:\/\/nobiwerk.com\/#\/schema\/logo\/image\/\"},\"sameAs\":[\"https:\/\/www.facebook.com\/nobiwerk\"]}]}<\/script>\n<!-- \/ Yoast SEO plugin. -->","yoast_head_json":{"title":"Impressum - Svenske, Danske og Norske barnehager i Berlin","robots":{"index":"index","follow":"follow","max-snippet":"max-snippet:-1","max-image-preview":"max-image-preview:large","max-video-preview":"max-video-preview:-1"},"canonical":"https:\/\/nobiwerk.com\/de\/impressum\/","og_locale":"de_DE","og_type":"article","og_title":"Impressum - Svenske, Danske og Norske barnehager i Berlin","og_url":"https:\/\/nobiwerk.com\/de\/impressum\/","og_site_name":"nobiwerk","article_publisher":"https:\/\/www.facebook.com\/nobiwerk","article_modified_time":"2024-04-10T06:25:03+00:00","og_image":[{"width":310,"height":310,"url":"https:\/\/nobiwerk.com\/wp-content\/uploads\/2019\/11\/nobiwerk-windows-touch-icon-310.png","type":"image\/png"}],"twitter_card":"summary_large_image","twitter_misc":{"Gesch\u00e4tzte Lesezeit":"3\u00a0Minuten"},"schema":{"@context":"https:\/\/schema.org","@graph":[{"@type":"WebPage","@id":"https:\/\/nobiwerk.com\/impressum","url":"https:\/\/nobiwerk.com\/impressum","name":"Impressum - Svenske, Danske og Norske barnehager i Berlin","isPartOf":{"@id":"https:\/\/nobiwerk.com\/#website"},"datePublished":"2019-10-24T15:09:03+00:00","dateModified":"2024-04-10T06:25:03+00:00","breadcrumb":{"@id":"https:\/\/nobiwerk.com\/impressum#breadcrumb"},"inLanguage":"de","potentialAction":[{"@type":"ReadAction","target":["https:\/\/nobiwerk.com\/impressum"]}]},{"@type":"BreadcrumbList","@id":"https:\/\/nobiwerk.com\/impressum#breadcrumb","itemListElement":[{"@type":"ListItem","position":1,"name":"Startseite","item":"https:\/\/nobiwerk.com\/"},{"@type":"ListItem","position":2,"name":"Impressum"}]},{"@type":"WebSite","@id":"https:\/\/nobiwerk.com\/#website","url":"https:\/\/nobiwerk.com\/","name":"nobiwerk","description":"Svenske, Danske og Norske barnehager i Berlin","publisher":{"@id":"https:\/\/nobiwerk.com\/#organization"},"potentialAction":[{"@type":"SearchAction","target":{"@type":"EntryPoint","urlTemplate":"https:\/\/nobiwerk.com\/?s={search_term_string}"},"query-input":"required name=search_term_string"}],"inLanguage":"de"},{"@type":"Organization","@id":"https:\/\/nobiwerk.com\/#organization","name":"nobiwerk","url":"https:\/\/nobiwerk.com\/","logo":{"@type":"ImageObject","inLanguage":"de","@id":"https:\/\/nobiwerk.com\/#\/schema\/logo\/image\/","url":"https:\/\/nobiwerk.com\/wp-content\/uploads\/2019\/11\/nobiwerk-windows-touch-icon-310.png","contentUrl":"https:\/\/nobiwerk.com\/wp-content\/uploads\/2019\/11\/nobiwerk-windows-touch-icon-310.png","width":310,"height":310,"caption":"nobiwerk"},"image":{"@id":"https:\/\/nobiwerk.com\/#\/schema\/logo\/image\/"},"sameAs":["https:\/\/www.facebook.com\/nobiwerk"]}]}},"_links":{"self":[{"href":"https:\/\/nobiwerk.com\/de\/wp-json\/wp\/v2\/pages\/721"}],"collection":[{"href":"https:\/\/nobiwerk.com\/de\/wp-json\/wp\/v2\/pages"}],"about":[{"href":"https:\/\/nobiwerk.com\/de\/wp-json\/wp\/v2\/types\/page"}],"author":[{"embeddable":true,"href":"https:\/\/nobiwerk.com\/de\/wp-json\/wp\/v2\/users\/1"}],"replies":[{"embeddable":true,"href":"https:\/\/nobiwerk.com\/de\/wp-json\/wp\/v2\/comments?post=721"}],"version-history":[{"count":3,"href":"https:\/\/nobiwerk.com\/de\/wp-json\/wp\/v2\/pages\/721\/revisions"}],"predecessor-version":[{"id":1920,"href":"https:\/\/nobiwerk.com\/de\/wp-json\/wp\/v2\/pages\/721\/revisions\/1920"}],"wp:attachment":[{"href":"https:\/\/nobiwerk.com\/de\/wp-json\/wp\/v2\/media?parent=721"}],"curies":[{"name":"wp","href":"https:\/\/api.w.org\/{rel}","templated":true}]}}